{"id":238308,"date":"2021-03-13T15:17:23","date_gmt":"2021-03-13T14:17:23","guid":{"rendered":"https:\/\/residenceriopiccolo.it\/ferienwohnungen\/ferienwohnung-zweizimmer-3\/"},"modified":"2023-02-21T16:10:59","modified_gmt":"2023-02-21T15:10:59","slug":"ferienwohnung-zweizimmer-3","status":"publish","type":"page","link":"https:\/\/www.residenceriopiccolo.it\/de\/ferienwohnungen\/ferienwohnung-zweizimmer-3\/","title":{"rendered":"Ferienwohnung Zweizimmer"},"content":{"rendered":"<p>[et_pb_section fb_built=&#8221;1&#8243; _builder_version=&#8221;4.9.1&#8243; _module_preset=&#8221;default&#8221; background_image=&#8221;https:\/\/residenceriopiccolo.it\/wp-content\/uploads\/2022\/01\/appartamento-bilocale-5..-scaled.jpg&#8221; width=&#8221;100%&#8221; height=&#8221;520px&#8221; da_disable_devices=&#8221;off|off|off&#8221; da_is_popup=&#8221;off&#8221; da_exit_intent=&#8221;off&#8221; da_has_close=&#8221;on&#8221; da_alt_close=&#8221;off&#8221; da_dark_close=&#8221;off&#8221; da_not_modal=&#8221;on&#8221; da_is_singular=&#8221;off&#8221; da_with_loader=&#8221;off&#8221; da_has_shadow=&#8221;on&#8221;][et_pb_row _builder_version=&#8221;4.9.1&#8243; _module_preset=&#8221;default&#8221;][et_pb_column type=&#8221;4_4&#8243; _builder_version=&#8221;4.9.1&#8243; _module_preset=&#8221;default&#8221;][\/et_pb_column][\/et_pb_row][\/et_pb_section][et_pb_section fb_built=&#8221;1&#8243; _builder_version=&#8221;4.9.1&#8243; _module_preset=&#8221;default&#8221; min_height=&#8221;387px&#8221; custom_margin=&#8221;||0px||false|false&#8221; custom_padding=&#8221;2px||0px||false|false&#8221; da_disable_devices=&#8221;off|off|off&#8221; da_is_popup=&#8221;off&#8221; da_exit_intent=&#8221;off&#8221; da_has_close=&#8221;on&#8221; da_alt_close=&#8221;off&#8221; da_dark_close=&#8221;off&#8221; da_not_modal=&#8221;on&#8221; da_is_singular=&#8221;off&#8221; da_with_loader=&#8221;off&#8221; da_has_shadow=&#8221;on&#8221;][et_pb_row column_structure=&#8221;3_5,2_5&#8243; _builder_version=&#8221;4.9.1&#8243; _module_preset=&#8221;default&#8221; custom_margin=&#8221;0px|auto||auto||&#8221;][et_pb_column type=&#8221;3_5&#8243; _builder_version=&#8221;4.8.1&#8243; _module_preset=&#8221;default&#8221;][et_pb_cta title=&#8221;Ferienwohnung Zweizimmer&#8221; _builder_version=&#8221;4.9.1&#8243; _module_preset=&#8221;default&#8221; header_level=&#8221;h1&#8243; header_font=&#8221;Poppins|600|||||||&#8221; header_text_color=&#8221;#998d85&#8243; header_font_size=&#8221;40px&#8221; header_line_height=&#8221;1.2em&#8221; body_font=&#8221;Open Sans||||||||&#8221; body_text_color=&#8221;#979191&#8243; body_font_size=&#8221;19px&#8221; background_color=&#8221;RGBA(0,0,0,0)&#8221; text_orientation=&#8221;left&#8221; width=&#8221;100%&#8221; custom_padding=&#8221;|0px|2px|||&#8221; hover_enabled=&#8221;0&#8243; header_font_size_last_edited=&#8221;on|phone&#8221; sticky_enabled=&#8221;0&#8243; header_font_size_phone=&#8221;32px&#8221;]<\/p>\n<p>Bestehend aus einem Schlafzimmer mit Doppelbett und Einzelbett, Wohnzimmer mit Schlafcouch (Einzelbett), Kochnische und Bad mit Dusche.<\/p>\n<div class=\"elements\">\n<div class=\"innerContainer\" data-carousel=\"\" data-carousel-config=\"\" data-boxresizer=\".unitlist.list.layout9.carousel.cssversion1 article.element\" data-lightgallery=\"\" data-lightgallery-config=\"\">\n<article class=\"element bgteaseralternate\" data-unit-detaillink=\"https:\/\/www.hoteldulac.it\/it\/camere\/camere\/32-0.html\" data-unit-detaillink-target=\"\" data-adapt-height=\"false\" data-adapt-height-selector=\"header.pageheader\" data-adapt-height-min-width=\"-1\" data-adapt-height-min-height=\"-1\">\n<div class=\"image\" data-object-fit=\"\">\n<div class=\"picture\"><a title=\"ZIMMER\" href=\"https:\/\/www.hoteldulac.it\/it\/camere\/camere\/32-0.html\"><picture data-imageratio-x=\"1400\" data-imageratio-y=\"787\" class=\"\" data-alt=\"CAMERE &amp; SUITE\" data-lazyload-init=\"true\"><source media=\"(min-width: 1171px)\" srcset=\"\/images\/content\/1304334_81668_2_C_1400_787_0_458326513\/download.jpg\" \/><source media=\"(min-width: 801px)\" srcset=\"\/images\/content\/1304334_81668_2_C_1170_658_0_458326513\/download.jpg\" \/><source media=\"(min-width: 481px)\" srcset=\"\/images\/content\/1304334_81668_2_C_800_450_0_458326513\/download.jpg\" \/><source srcset=\"\/images\/content\/1304334_81668_2_C_480_270_0_458326513\/download.jpg\" \/><\/picture><\/a><\/div>\n<\/div>\n<\/article>\n<\/div>\n<\/div>\n<p>[\/et_pb_cta][\/et_pb_column][et_pb_column type=&#8221;2_5&#8243; _builder_version=&#8221;4.9.1&#8243; _module_preset=&#8221;default&#8221; custom_padding=&#8221;|0px|0px|0px|false|false&#8221;][et_pb_button button_url=&#8221;https:\/\/residenceriopiccolo.it\/de\/anfrage\/&#8221; button_text=&#8221;Anfragen&#8221; button_alignment=&#8221;right&#8221; button_alignment_tablet=&#8221;center&#8221; button_alignment_phone=&#8221;center&#8221; button_alignment_last_edited=&#8221;on|phone&#8221; _builder_version=&#8221;4.9.1&#8243; _module_preset=&#8221;default&#8221; custom_button=&#8221;on&#8221; button_text_size=&#8221;15px&#8221; button_text_color=&#8221;#ffffff&#8221; button_bg_color=&#8221;#b5b0ac&#8221; button_border_width=&#8221;0px&#8221; button_border_radius=&#8221;0px&#8221; button_letter_spacing=&#8221;1px&#8221; button_font=&#8221;Poppins||||||||&#8221; custom_margin=&#8221;30px||||false|false&#8221; custom_padding=&#8221;10px|30px|10px|30px|false|false&#8221;][\/et_pb_button][et_pb_button button_url=&#8221;https:\/\/www.simplebooking.it\/ibe\/hotelbooking\/search?hid=5504&#038;lang=DE&#8221; button_text=&#8221;Buchen&#8221; button_alignment=&#8221;right&#8221; button_alignment_tablet=&#8221;center&#8221; button_alignment_phone=&#8221;&#8221; button_alignment_last_edited=&#8221;on|tablet&#8221; _builder_version=&#8221;4.9.1&#8243; _module_preset=&#8221;default&#8221; custom_button=&#8221;on&#8221; button_text_size=&#8221;15px&#8221; button_bg_color=&#8221;#00633d&#8221; button_border_width=&#8221;0px&#8221; button_border_color=&#8221;RGBA(0,0,0,0)&#8221; button_border_radius=&#8221;0px&#8221; button_letter_spacing=&#8221;1px&#8221; button_font=&#8221;Poppins||||||||&#8221; background_layout=&#8221;dark&#8221; custom_margin=&#8221;10px||||false|false&#8221; custom_padding=&#8221;10px|31px|10px|30px|false|false&#8221;][\/et_pb_button][et_pb_text _builder_version=&#8221;4.9.1&#8243; _module_preset=&#8221;default&#8221; text_font=&#8221;Poppins||||||||&#8221; text_orientation=&#8221;right&#8221; custom_padding=&#8221;20px||20px||false|false&#8221; link_option_url=&#8221;https:\/\/residenceriopiccolo.it\/de\/stornierungsrichtlinien\/&#8221; text_orientation_tablet=&#8221;center&#8221; text_orientation_phone=&#8221;&#8221; text_orientation_last_edited=&#8221;on|phone&#8221;]<\/p>\n<p><span style=\"color: #00643a;\">STORNIERUNGSBEDINGUNGEN<\/span><\/p>\n<p>[\/et_pb_text][\/et_pb_column][\/et_pb_row][et_pb_row column_structure=&#8221;1_4,1_4,1_2&#8243; _builder_version=&#8221;4.9.1&#8243; _module_preset=&#8221;default&#8221; min_height=&#8221;67px&#8221; custom_margin=&#8221;0px||0px||false|false&#8221; custom_padding=&#8221;1px||1px|21px|false|false&#8221;][et_pb_column type=&#8221;1_4&#8243; _builder_version=&#8221;4.9.1&#8243; _module_preset=&#8221;default&#8221; background_color=&#8221;#FFFFFF&#8221; custom_padding=&#8221;0px||0px|20px|false|false&#8221;][et_pb_blurb title=&#8221;Abmessungen: 44 m\u00b2&#8221; image=&#8221;https:\/\/residenceriopiccolo.it\/wp-content\/uploads\/2021\/03\/MQ2.png&#8221; icon_placement=&#8221;left&#8221; image_max_width=&#8221;75%&#8221; _builder_version=&#8221;4.9.1&#8243; _module_preset=&#8221;default&#8221; header_font=&#8221;Poppins|600|||||||&#8221; header_text_color=&#8221;#998d85&#8243; body_font=&#8221;Open Sans||||||||&#8221; body_text_color=&#8221;#a5a098&#8243; body_font_size=&#8221;15px&#8221; body_line_height=&#8221;1em&#8221; width=&#8221;100%&#8221; min_height=&#8221;36px&#8221; custom_margin=&#8221;0px|0px||0px|false|false&#8221; custom_padding=&#8221;|0px||0px|false|false&#8221;][\/et_pb_blurb][\/et_pb_column][et_pb_column type=&#8221;1_4&#8243; _builder_version=&#8221;4.9.1&#8243; _module_preset=&#8221;default&#8221; background_color=&#8221;#FFFFFF&#8221; custom_padding=&#8221;0px||0px|20px|false|false&#8221;][et_pb_blurb title=&#8221;Anzahl der G\u00e4ste: 5 Erwachsene&#8221; image=&#8221;https:\/\/residenceriopiccolo.it\/wp-content\/uploads\/2021\/03\/PERSON.png&#8221; icon_placement=&#8221;left&#8221; image_max_width=&#8221;80%&#8221; _builder_version=&#8221;4.9.1&#8243; _module_preset=&#8221;default&#8221; header_font=&#8221;Poppins|600|||||||&#8221; header_text_color=&#8221;#998d85&#8243; body_font=&#8221;Open Sans||||||||&#8221; body_text_color=&#8221;#a5a098&#8243; body_font_size=&#8221;15px&#8221; body_line_height=&#8221;1em&#8221; width=&#8221;99.9%&#8221; min_height=&#8221;36px&#8221;][\/et_pb_blurb][\/et_pb_column][et_pb_column type=&#8221;1_2&#8243; _builder_version=&#8221;4.9.1&#8243; _module_preset=&#8221;default&#8221; background_color=&#8221;#FFFFFF&#8221; custom_padding=&#8221;0px||0px|20px|false|false&#8221;][et_pb_blurb title=&#8221;Ansichts Karte&#8221; image=&#8221;https:\/\/residenceriopiccolo.it\/wp-content\/uploads\/2021\/03\/mq.png&#8221; icon_placement=&#8221;left&#8221; image_max_width=&#8221;75%&#8221; _builder_version=&#8221;4.9.1&#8243; _module_preset=&#8221;default&#8221; header_font=&#8221;Poppins|600|||||||&#8221; header_text_color=&#8221;#998d85&#8243; body_font=&#8221;Open Sans||||||||&#8221; body_text_color=&#8221;#a5a098&#8243; body_font_size=&#8221;15px&#8221; body_line_height=&#8221;1em&#8221; width=&#8221;100%&#8221; min_height=&#8221;36px&#8221; custom_margin=&#8221;0px|0px||0px|false|false&#8221; custom_padding=&#8221;|0px||0px|false|false&#8221; link_option_url=&#8221;#immagine&#8221;][\/et_pb_blurb][\/et_pb_column][\/et_pb_row][\/et_pb_section][et_pb_section fb_built=&#8221;1&#8243; admin_label=&#8221;Popup &#8211; #immagine&#8221; module_id=&#8221;immagine&#8221; module_class=&#8221;popup on-exit dark no-shadow&#8221; _builder_version=&#8221;4.9.1&#8243; _module_preset=&#8221;default&#8221; background_color=&#8221;RGBA(0,0,0,0)&#8221; width=&#8221;100%&#8221; max_width=&#8221;100%&#8221; custom_margin=&#8221;||||false|true&#8221; custom_padding=&#8221;||||false|false&#8221; da_is_popup=&#8221;on&#8221; da_popup_slug=&#8221;immagine&#8221; da_exit_intent=&#8221;on&#8221; da_dark_close=&#8221;on&#8221; da_has_shadow=&#8221;off&#8221; da_disable_devices=&#8221;off|off|off&#8221; global_colors_info=&#8221;{%22gcid-a7ef2208-d0ee-489d-ab30-23da9b767d83%22:%91%93,%22gcid-2ec92bf7-ea86-43d9-83bf-fef3ede00bcd%22:%91%93}&#8221; da_has_close=&#8221;on&#8221; da_alt_close=&#8221;off&#8221; da_not_modal=&#8221;on&#8221; da_is_singular=&#8221;off&#8221; da_with_loader=&#8221;off&#8221;][et_pb_row _builder_version=&#8221;4.9.1&#8243; _module_preset=&#8221;default&#8221; width=&#8221;120%&#8221; custom_margin=&#8221;0px||||false|false&#8221; custom_padding=&#8221;0px||||false|false&#8221;][et_pb_column type=&#8221;4_4&#8243; _builder_version=&#8221;4.9.1&#8243; _module_preset=&#8221;default&#8221;][et_pb_image src=&#8221;https:\/\/residenceriopiccolo.it\/wp-content\/uploads\/2022\/01\/PIANTINE-RIO-PICCOLO-bilocale-4.png&#8221; title_text=&#8221;PIANTINE-RIO-PICCOLO-bilocale-4&#8243; align=&#8221;center&#8221; _builder_version=&#8221;4.9.1&#8243; _module_preset=&#8221;default&#8221; width=&#8221;50%&#8221; width_tablet=&#8221;&#8221; width_phone=&#8221;&#8221; width_last_edited=&#8221;on|desktop&#8221; max_width=&#8221;100%&#8221;][\/et_pb_image][\/et_pb_column][\/et_pb_row][\/et_pb_section][et_pb_section fb_built=&#8221;1&#8243; _builder_version=&#8221;4.9.1&#8243; _module_preset=&#8221;default&#8221; background_color=&#8221;#f7f7f7&#8243; da_disable_devices=&#8221;off|off|off&#8221; da_is_popup=&#8221;off&#8221; da_exit_intent=&#8221;off&#8221; da_has_close=&#8221;on&#8221; da_alt_close=&#8221;off&#8221; da_dark_close=&#8221;off&#8221; da_not_modal=&#8221;on&#8221; da_is_singular=&#8221;off&#8221; da_with_loader=&#8221;off&#8221; da_has_shadow=&#8221;on&#8221;][et_pb_row column_structure=&#8221;2_3,1_3&#8243; _builder_version=&#8221;4.9.1&#8243; _module_preset=&#8221;default&#8221; custom_margin=&#8221;||-1px||false|false&#8221; custom_padding=&#8221;||0px|||&#8221;][et_pb_column type=&#8221;2_3&#8243; _builder_version=&#8221;4.9.1&#8243; _module_preset=&#8221;default&#8221; background_color=&#8221;#FFFFFF&#8221; custom_padding=&#8221;20px||0px|20px|false|false&#8221;][et_pb_text _builder_version=&#8221;4.9.1&#8243; _module_preset=&#8221;default&#8221; header_font=&#8221;Poppins|600|||||||&#8221; header_text_color=&#8221;#998d85&#8243; custom_padding=&#8221;0px||2px||false|false&#8221;]<\/p>\n<h1>Dienstleistungen<\/h1>\n<h1>Ferienwohnung<\/h1>\n<h1><\/h1>\n<p>[\/et_pb_text][\/et_pb_column][et_pb_column type=&#8221;1_3&#8243; _builder_version=&#8221;4.9.1&#8243; _module_preset=&#8221;default&#8221; background_color=&#8221;#00643a&#8221; custom_padding=&#8221;20px|||20px|false|false&#8221;][et_pb_text _builder_version=&#8221;4.9.1&#8243; _module_preset=&#8221;default&#8221; header_font=&#8221;Poppins|600|||||||&#8221; header_text_color=&#8221;#ffffff&#8221; header_font_size=&#8221;32px&#8221; custom_padding=&#8221;||8px||false|false&#8221;]<\/p>\n<h1>Dienstleistungen<\/h1>\n<h1>Residenz<\/h1>\n<p>[\/et_pb_text][\/et_pb_column][\/et_pb_row][et_pb_row column_structure=&#8221;1_3,1_3,1_3&#8243; _builder_version=&#8221;4.9.1&#8243; _module_preset=&#8221;default&#8221; min_height=&#8221;145px&#8221; custom_padding=&#8221;1px|||||&#8221;][et_pb_column type=&#8221;1_3&#8243; _builder_version=&#8221;4.9.1&#8243; _module_preset=&#8221;default&#8221; background_color=&#8221;#FFFFFF&#8221; custom_padding=&#8221;30px||50px|20px|false|false&#8221;][et_pb_blurb title=&#8221;BAD &#8221; image=&#8221;https:\/\/residenceriopiccolo.it\/wp-content\/uploads\/2021\/03\/bagno.png&#8221; icon_placement=&#8221;left&#8221; image_max_width=&#8221;75%&#8221; _builder_version=&#8221;4.9.1&#8243; _module_preset=&#8221;default&#8221; header_font=&#8221;Poppins|600|||||||&#8221; header_text_color=&#8221;#998d85&#8243; body_font=&#8221;Open Sans||||||||&#8221; body_text_color=&#8221;#a5a098&#8243; body_font_size=&#8221;15px&#8221; body_line_height=&#8221;1em&#8221; min_height=&#8221;36px&#8221;]Dusche | F\u00f6n[\/et_pb_blurb][et_pb_blurb title=&#8221;WIFI&#8221; image=&#8221;https:\/\/residenceriopiccolo.it\/wp-content\/uploads\/2021\/03\/wifi-1.png&#8221; icon_placement=&#8221;left&#8221; image_max_width=&#8221;90%&#8221; _builder_version=&#8221;4.9.1&#8243; _module_preset=&#8221;default&#8221; header_font=&#8221;Poppins|600|||||||&#8221; header_text_color=&#8221;#998d85&#8243; body_font=&#8221;Open Sans||||||||&#8221; body_text_color=&#8221;#a5a098&#8243; body_font_size=&#8221;15px&#8221; body_line_height=&#8221;1em&#8221; custom_padding=&#8221;35px||||false|false&#8221;]freies Netzwerk[\/et_pb_blurb][et_pb_blurb title=&#8221;FERNSEHEN&#8221; image=&#8221;https:\/\/residenceriopiccolo.it\/wp-content\/uploads\/2021\/03\/tv-1.png&#8221; icon_placement=&#8221;left&#8221; image_max_width=&#8221;90%&#8221; _builder_version=&#8221;4.9.1&#8243; _module_preset=&#8221;default&#8221; header_font=&#8221;Poppins|600|||||||&#8221; header_text_color=&#8221;#998d85&#8243; body_text_color=&#8221;#a5a098&#8243; body_font_size=&#8221;15px&#8221; body_line_height=&#8221;1em&#8221; min_height=&#8221;41px&#8221; custom_padding=&#8221;35px||||false|false&#8221;]1 Satelliten-TV[\/et_pb_blurb][et_pb_blurb title=&#8221;BADEZIMMERPRODUKTE&#8221; image=&#8221;https:\/\/residenceriopiccolo.it\/wp-content\/uploads\/2021\/03\/bagzno3.png&#8221; icon_placement=&#8221;left&#8221; image_max_width=&#8221;90%&#8221; _builder_version=&#8221;4.9.1&#8243; _module_preset=&#8221;default&#8221; header_font=&#8221;Poppins|600|||||||&#8221; header_text_color=&#8221;#998d85&#8243; body_text_color=&#8221;#a5a098&#8243; body_font_size=&#8221;15px&#8221; body_line_height=&#8221;1em&#8221; min_height=&#8221;41px&#8221; custom_padding=&#8221;35px||||false|false&#8221;]Seife &#8211; Duschgel[\/et_pb_blurb][\/et_pb_column][et_pb_column type=&#8221;1_3&#8243; _builder_version=&#8221;4.9.1&#8243; _module_preset=&#8221;default&#8221; background_color=&#8221;#FFFFFF&#8221; custom_padding=&#8221;30px||35px|20px|false|false&#8221;][et_pb_blurb title=&#8221;BETTEN&#8221; image=&#8221;https:\/\/residenceriopiccolo.it\/wp-content\/uploads\/2021\/03\/letto2.png&#8221; icon_placement=&#8221;left&#8221; image_max_width=&#8221;90%&#8221; _builder_version=&#8221;4.9.1&#8243; _module_preset=&#8221;default&#8221; header_font=&#8221;Poppins|600|||||||&#8221; header_text_color=&#8221;#998d85&#8243; body_font=&#8221;Open Sans||||||||&#8221; body_text_color=&#8221;#a5a098&#8243; body_font_size=&#8221;15px&#8221; body_line_height=&#8221;1em&#8221; min_height=&#8221;36px&#8221;]1 Schlafcouch (Einzelbett) | 1 Doppelbett |<br \/>\n1 Einzelbett[\/et_pb_blurb][et_pb_blurb title=&#8221;K\u00dcCHE&#8221; image=&#8221;https:\/\/residenceriopiccolo.it\/wp-content\/uploads\/2021\/03\/cucina.png&#8221; icon_placement=&#8221;left&#8221; _builder_version=&#8221;4.9.1&#8243; _module_preset=&#8221;default&#8221; header_font=&#8221;Poppins|600|||||||&#8221; header_text_color=&#8221;#998d85&#8243; body_text_color=&#8221;#a5a098&#8243; body_font_size=&#8221;15px&#8221; body_line_height=&#8221;1em&#8221; custom_padding=&#8221;35px||||false|false&#8221;]ausgestatteter Kochbereich[\/et_pb_blurb][et_pb_blurb title=&#8221;ZIMMER&#8221; image=&#8221;https:\/\/residenceriopiccolo.it\/wp-content\/uploads\/2021\/03\/mq.png&#8221; icon_placement=&#8221;left&#8221; image_max_width=&#8221;90%&#8221; _builder_version=&#8221;4.9.1&#8243; _module_preset=&#8221;default&#8221; header_font=&#8221;Poppins|600|||||||&#8221; header_text_color=&#8221;#998d85&#8243; body_text_color=&#8221;#a5a098&#8243; body_font_size=&#8221;15px&#8221; body_line_height=&#8221;1em&#8221; min_height=&#8221;41px&#8221; custom_padding=&#8221;35px||||false|false&#8221;]2 Zimmer | Bad[\/et_pb_blurb][et_pb_blurb title=&#8221;MIKROWELLE&#8221; image=&#8221;https:\/\/residenceriopiccolo.it\/wp-content\/uploads\/2021\/03\/micronde.png&#8221; icon_placement=&#8221;left&#8221; image_max_width=&#8221;90%&#8221; _builder_version=&#8221;4.9.1&#8243; _module_preset=&#8221;default&#8221; header_font=&#8221;Poppins|600|||||||&#8221; header_text_color=&#8221;#998d85&#8243; min_height=&#8221;41px&#8221; custom_padding=&#8221;35px||15px||false|false&#8221;][\/et_pb_blurb][\/et_pb_column][et_pb_column type=&#8221;1_3&#8243; _builder_version=&#8221;4.9.1&#8243; _module_preset=&#8221;default&#8221; background_color=&#8221;#00643a&#8221; custom_padding=&#8221;30px||50px|20px|false|false&#8221;][et_pb_blurb title=&#8221;ANZAHLUNG&#8221; image=&#8221;https:\/\/residenceriopiccolo.it\/wp-content\/uploads\/2021\/03\/deposito.png&#8221; icon_placement=&#8221;left&#8221; _builder_version=&#8221;4.9.1&#8243; _module_preset=&#8221;default&#8221; header_font=&#8221;Poppins|600|||||||&#8221; body_font_size=&#8221;15px&#8221; body_line_height=&#8221;1em&#8221; background_layout=&#8221;dark&#8221; min_height=&#8221;36px&#8221;]Skifahren | Stiefel[\/et_pb_blurb][et_pb_blurb title=&#8221;PRIVATER GARTEN&#8221; image=&#8221;https:\/\/residenceriopiccolo.it\/wp-content\/uploads\/2021\/03\/giardino.png&#8221; icon_placement=&#8221;left&#8221; _builder_version=&#8221;4.9.1&#8243; _module_preset=&#8221;default&#8221; header_font=&#8221;Poppins|600|||||||&#8221; body_font_size=&#8221;15px&#8221; body_line_height=&#8221;1em&#8221; background_layout=&#8221;dark&#8221; min_height=&#8221;41px&#8221; custom_padding=&#8221;35px||||false|false&#8221;]gro\u00dfer Garten im Freien[\/et_pb_blurb][et_pb_blurb title=&#8221;GEMEINSAME W\u00c4SCHEREI &#8221; image=&#8221;https:\/\/residenceriopiccolo.it\/wp-content\/uploads\/2021\/03\/waching.png&#8221; icon_placement=&#8221;left&#8221; image_max_width=&#8221;90%&#8221; _builder_version=&#8221;4.9.1&#8243; _module_preset=&#8221;default&#8221; header_font=&#8221;Poppins|600|||||||&#8221; body_font_size=&#8221;15px&#8221; body_line_height=&#8221;1em&#8221; background_layout=&#8221;dark&#8221; custom_padding=&#8221;35px||||false|false&#8221;]Waschk\u00fcche mit B\u00fcgeleisen[\/et_pb_blurb][et_pb_blurb title=&#8221;PARKPLATZ&#8221; image=&#8221;https:\/\/residenceriopiccolo.it\/wp-content\/uploads\/2021\/03\/parcheggio.png&#8221; icon_placement=&#8221;left&#8221; _builder_version=&#8221;4.9.1&#8243; _module_preset=&#8221;default&#8221; header_font=&#8221;Poppins|600|||||||&#8221; body_font_size=&#8221;15px&#8221; body_line_height=&#8221;1em&#8221; background_layout=&#8221;dark&#8221; min_height=&#8221;41px&#8221; custom_padding=&#8221;35px||||false|false&#8221;]\u00fcberdachte Garage[\/et_pb_blurb][\/et_pb_column][\/et_pb_row][\/et_pb_section][et_pb_section fb_built=&#8221;1&#8243; _builder_version=&#8221;4.9.1&#8243; _module_preset=&#8221;default&#8221; custom_padding=&#8221;||0px|||&#8221; da_disable_devices=&#8221;off|off|off&#8221; da_is_popup=&#8221;off&#8221; da_exit_intent=&#8221;off&#8221; da_has_close=&#8221;on&#8221; da_alt_close=&#8221;off&#8221; da_dark_close=&#8221;off&#8221; da_not_modal=&#8221;on&#8221; da_is_singular=&#8221;off&#8221; da_with_loader=&#8221;off&#8221; da_has_shadow=&#8221;on&#8221;][et_pb_row _builder_version=&#8221;4.8.1&#8243; _module_preset=&#8221;default&#8221;][et_pb_column type=&#8221;4_4&#8243; _builder_version=&#8221;4.8.1&#8243; _module_preset=&#8221;default&#8221;][et_pb_cta title=&#8221;\u00dcber uns&#8221; _builder_version=&#8221;4.9.1&#8243; _module_preset=&#8221;default&#8221; header_level=&#8221;h1&#8243; header_font=&#8221;Poppins|600|||||||&#8221; header_text_color=&#8221;#998d85&#8243; header_font_size=&#8221;40px&#8221; body_font=&#8221;Open Sans||||||||&#8221; body_text_color=&#8221;#979191&#8243; body_font_size=&#8221;19px&#8221; background_color=&#8221;RGBA(0,0,0,0)&#8221; custom_padding=&#8221;||2px|||&#8221;]Es sind die kleinen Details, die ein Zimmer zu Ihrem Zimmer machen<\/p>\n<div class=\"elements\">\n<div class=\"innerContainer\" data-carousel=\"\" data-carousel-config=\"\" data-boxresizer=\".unitlist.list.layout9.carousel.cssversion1 article.element\" data-lightgallery=\"\" data-lightgallery-config=\"\">\n<article class=\"element bgteaseralternate\" data-unit-detaillink=\"https:\/\/www.hoteldulac.it\/it\/camere\/camere\/32-0.html\" data-unit-detaillink-target=\"\" data-adapt-height=\"false\" data-adapt-height-selector=\"header.pageheader\" data-adapt-height-min-width=\"-1\" data-adapt-height-min-height=\"-1\">\n<div class=\"image\" data-object-fit=\"\">\n<div class=\"picture\"><a title=\"ZIMMER &amp; SUITEN\" href=\"https:\/\/www.hoteldulac.it\/it\/camere\/camere\/32-0.html\"><picture data-imageratio-x=\"1400\" data-imageratio-y=\"787\" class=\"\" data-alt=\"CAMERE &amp; SUITE\" data-lazyload-init=\"true\"><source media=\"(min-width: 1171px)\" srcset=\"\/images\/content\/1304334_81668_2_C_1400_787_0_458326513\/download.jpg\"><source media=\"(min-width: 801px)\" srcset=\"\/images\/content\/1304334_81668_2_C_1170_658_0_458326513\/download.jpg\"><source media=\"(min-width: 481px)\" srcset=\"\/images\/content\/1304334_81668_2_C_800_450_0_458326513\/download.jpg\"><source srcset=\"\/images\/content\/1304334_81668_2_C_480_270_0_458326513\/download.jpg\"><\/source><\/source><\/source><\/source><\/picture><\/a><\/div>\n<\/div>\n<\/article>\n<\/div>\n<\/div>\n<p>[\/et_pb_cta][\/et_pb_column][\/et_pb_row][et_pb_row _builder_version=&#8221;4.9.1&#8243; _module_preset=&#8221;default&#8221;][et_pb_column type=&#8221;4_4&#8243; _builder_version=&#8221;4.9.1&#8243; _module_preset=&#8221;default&#8221;][et_pb_code _builder_version=&#8221;4.9.1&#8243; _module_preset=&#8221;default&#8221;]<style>#wprev-slider-1 .wprev_preview_bradius_T1 {border-radius: 0px;}#wprev-slider-1 .wprev_preview_bg1_T1 {background:#f7f7f7;}#wprev-slider-1 .wprev_preview_tcolor1_T1 {color:#998d85;}#wprev-slider-1 .wprev_preview_tcolor2_T1 {color:#998d85;}#wprev-slider-1 .wprev_preview_bg1_T1::after{ border-top: 30px solid #f7f7f7; }<\/style><style><\/style><div class=\"wprev-slider revnotsameheight\" id=\"wprev-slider-1\" data-revsameheight=\"no\" data-onemobil=\"\" data-sliderautoplay=\"\"  data-slidespeed=\"\" data-slideautodelay=\"\" data-sliderhideprevnext=\"\" data-sliderhidedots=\"\" data-sliderfixedheight=\"\"><ul><li>\t\t<div class=\"wptripadvisor_t1_outer_div w3_wprs-row-padding\">\r\n\t\t\t\t<div class=\"wptripadvisor_t1_DIV_1 w3_wprs-col l4 outerrevdiv\">\r\n\t\t\t<div class=\"indrevdiv wptripadvisor_t1_DIV_2 wprev_preview_bg1_T1 wprev_preview_bradius_T1\">\r\n\t\t\t\t<p class=\"wptripadvisor_t1_P_3 wprev_preview_tcolor1_T1\">\r\n\t\t\t\t\t<span class=\"wptripadvisor_star_imgs_T1 wprevpro_star_imgs_T1\"><img decoding=\"async\" src=\"https:\/\/www.residenceriopiccolo.it\/wp-content\/plugins\/wp-tripadvisor-review-slider\/public\/partials\/imgs\/tripadvisor_stars_4.png\" alt=\"star rating\" class=\"wptripadvisor_t1_star_img_file\">&nbsp;&nbsp;<\/span><span class=\"wprevrevtitle\">A due passi dal lago<\/span>&nbsp;-&nbsp;Residence prenotato grazie alla positiva esperienza fatta da un familiare in un altro residence del Gruppo Cornelia. La scelta \u00e8 stata azzeccatissima.<br \/>\r\nLa posizione \u00e8 incantevole, a ridosso del lago.<a class=\"wprs_rd_more\">... read more<\/a><span class=\"wprs_rd_more_text\" style=\"display:none\"> Spazio verde intorno alla struttura molto curato. Garage sotterraneo (compreso nel prezzo) a cui si accede tramite una rampa posta di fianco alla struttura, che per Molveno \u00e8 essenziale visto che tutti i parcheggi sono a pagamento. Piani accessibili tramite ascensore direttamente dal garage. Struttura piccolina ( ha solo 9 appartamenti) molto ben tenuta. Il bilocale che ci \u00e8 stato assegnato (il numero 7) si trova al secondo piano. La pulizia era impeccabile. Abbiamo osservato quasi quotidianamente le signore delle pulizie che rassettavano gli altri appartamenti lasciati liberi dagli ospiti e si vedeva a occhio nudo l'ottimo lavoro svolto.<br \/>\r\nAppartamento dotato di tutto il necessario, aggiungerei una padella antiaderente pi\u00f9 grande. Solo il microonde ci ha dato qualche problema nel funzionamento. Wifi gratuito ottimo. Bel balconcino vista lago.<br \/>\r\nDa ricordare che il check in va fatto all'Hotel Du Luc dove vi verr\u00e0 consegnata la chiave per accedere all'appartamento e la garage oltre a tutte le informazioni di ci avrete bisogno.<\/span>\t\t\t\t<\/p>\r\n\t\t\t\t\t\t\t\t<a href=\"https:\/\/www.tripadvisor.it\/Hotel_Review-g194827-d2455484-Reviews-Rio_Piccolo_Residence-Molveno_Province_of_Trento_Trentino_Alto_Adige.html\" target=\"_blank\" rel=\"nofollow\"><img decoding=\"async\" src=\"https:\/\/www.residenceriopiccolo.it\/wp-content\/plugins\/wp-tripadvisor-review-slider\/public\/partials\/imgs\/tripadvisor_outline.png\" alt=\"tripadvisor logo\" class=\"wptripadvisor_t1_tripadvisor_logo\"><\/a>\t\t\t<\/div><span class=\"wptripadvisor_t1_A_8\"><\/span> <span class=\"wptripadvisor_t1_SPAN_5 wprev_preview_tcolor2_T1\">minghirlando<br\/><span class=\"wprev_showdate_T1\">23. Juni 2019<\/span> <\/span>\r\n\t\t<\/div>\r\n\t\t\t\t<div class=\"wptripadvisor_t1_DIV_1 w3_wprs-col l4 outerrevdiv\">\r\n\t\t\t<div class=\"indrevdiv wptripadvisor_t1_DIV_2 wprev_preview_bg1_T1 wprev_preview_bradius_T1\">\r\n\t\t\t\t<p class=\"wptripadvisor_t1_P_3 wprev_preview_tcolor1_T1\">\r\n\t\t\t\t\t<span class=\"wptripadvisor_star_imgs_T1 wprevpro_star_imgs_T1\"><img decoding=\"async\" src=\"https:\/\/www.residenceriopiccolo.it\/wp-content\/plugins\/wp-tripadvisor-review-slider\/public\/partials\/imgs\/tripadvisor_stars_4.png\" alt=\"star rating\" class=\"wptripadvisor_t1_star_img_file\">&nbsp;&nbsp;<\/span><span class=\"wprevrevtitle\">Struttura molto valida ed accogliente<\/span>&nbsp;-&nbsp;Posizione ottima fronte lago, personale molto gentile e disponibile, stanze molto  pulite e luminose, buono l'arredo. Posto auto a disposizione nel garage. Comodo ai vari servizi. Da tenere in<a class=\"wprs_rd_more\">... read more<\/a><span class=\"wprs_rd_more_text\" style=\"display:none\"> considerazione per un prossimo viaggio.<\/span>\t\t\t\t<\/p>\r\n\t\t\t\t\t\t\t\t<a href=\"https:\/\/www.tripadvisor.it\/Hotel_Review-g194827-d2455484-Reviews-Rio_Piccolo_Residence-Molveno_Province_of_Trento_Trentino_Alto_Adige.html\" target=\"_blank\" rel=\"nofollow\"><img decoding=\"async\" src=\"https:\/\/www.residenceriopiccolo.it\/wp-content\/plugins\/wp-tripadvisor-review-slider\/public\/partials\/imgs\/tripadvisor_outline.png\" alt=\"tripadvisor logo\" class=\"wptripadvisor_t1_tripadvisor_logo\"><\/a>\t\t\t<\/div><span class=\"wptripadvisor_t1_A_8\"><\/span> <span class=\"wptripadvisor_t1_SPAN_5 wprev_preview_tcolor2_T1\">danielabertolini<br\/><span class=\"wprev_showdate_T1\">28. August 2019<\/span> <\/span>\r\n\t\t<\/div>\r\n\t\t\t\t<div class=\"wptripadvisor_t1_DIV_1 w3_wprs-col l4 outerrevdiv\">\r\n\t\t\t<div class=\"indrevdiv wptripadvisor_t1_DIV_2 wprev_preview_bg1_T1 wprev_preview_bradius_T1\">\r\n\t\t\t\t<p class=\"wptripadvisor_t1_P_3 wprev_preview_tcolor1_T1\">\r\n\t\t\t\t\t<span class=\"wptripadvisor_star_imgs_T1 wprevpro_star_imgs_T1\"><img decoding=\"async\" src=\"https:\/\/www.residenceriopiccolo.it\/wp-content\/plugins\/wp-tripadvisor-review-slider\/public\/partials\/imgs\/tripadvisor_stars_5.png\" alt=\"star rating\" class=\"wptripadvisor_t1_star_img_file\">&nbsp;&nbsp;<\/span><span class=\"wprevrevtitle\">Piccolo relax montanaro<\/span>&nbsp;-&nbsp;Appartamento piccolino ma molto confortevole e pulito. I colori sono quelli tipici caldi della montagna,adorabili! Abbiamo scelto per l appartamento perch\u00e9 con una bimba piccola avevamo pi\u00f9 libert\u00e0. Posizione molto<a class=\"wprs_rd_more\">... read more<\/a><span class=\"wprs_rd_more_text\" style=\"display:none\"> buona proprio affacciato sul lago di Molveno e raggiungibile in 5 minuti di passeggiata. Posizione comoda anche per la presenza proprio dietro la struttura di un supermercato per prendere tutto il necessario. Vicine ci sono delle bellissime passeggiate. Ci ritorneremo<\/span>\t\t\t\t<\/p>\r\n\t\t\t\t\t\t\t\t<a href=\"https:\/\/www.tripadvisor.it\/Hotel_Review-g194827-d2455484-Reviews-Rio_Piccolo_Residence-Molveno_Province_of_Trento_Trentino_Alto_Adige.html\" target=\"_blank\" rel=\"nofollow\"><img decoding=\"async\" src=\"https:\/\/www.residenceriopiccolo.it\/wp-content\/plugins\/wp-tripadvisor-review-slider\/public\/partials\/imgs\/tripadvisor_outline.png\" alt=\"tripadvisor logo\" class=\"wptripadvisor_t1_tripadvisor_logo\"><\/a>\t\t\t<\/div><span class=\"wptripadvisor_t1_A_8\"><\/span> <span class=\"wptripadvisor_t1_SPAN_5 wprev_preview_tcolor2_T1\">mazzolariannalisa<br\/><span class=\"wprev_showdate_T1\">1. November 2021<\/span> <\/span>\r\n\t\t<\/div>\r\n\t\t\t<\/div>\r\n\t<\/li><li class=\"wprevnextslide\">\t\t<div class=\"wptripadvisor_t1_outer_div w3_wprs-row-padding\">\r\n\t\t\t\t<div class=\"wptripadvisor_t1_DIV_1 w3_wprs-col l4 outerrevdiv\">\r\n\t\t\t<div class=\"indrevdiv wptripadvisor_t1_DIV_2 wprev_preview_bg1_T1 wprev_preview_bradius_T1\">\r\n\t\t\t\t<p class=\"wptripadvisor_t1_P_3 wprev_preview_tcolor1_T1\">\r\n\t\t\t\t\t<span class=\"wptripadvisor_star_imgs_T1 wprevpro_star_imgs_T1\"><img decoding=\"async\" src=\"https:\/\/www.residenceriopiccolo.it\/wp-content\/plugins\/wp-tripadvisor-review-slider\/public\/partials\/imgs\/tripadvisor_stars_5.png\" alt=\"star rating\" class=\"wptripadvisor_t1_star_img_file\">&nbsp;&nbsp;<\/span>Ottima scelta.  Appartamento pulito, spazioso e dotato di tutto quello  che pu\u00f2 servire. Vista lago , giardino super curato e  camere insonorizzate.  Non ci siamo mai<a class=\"wprs_rd_more\">... read more<\/a><span class=\"wprs_rd_more_text\" style=\"display:none\"> accorti di avere vicino. Ci torner\u00f2 sicuramente<\/span>\t\t\t\t<\/p>\r\n\t\t\t\t\t\t\t\t<a href=\"https:\/\/www.tripadvisor.it\/Hotel_Review-g194827-d2455484-Reviews-Rio_Piccolo_Residence-Molveno_Province_of_Trento_Trentino_Alto_Adige.html\" target=\"_blank\" rel=\"nofollow\"><img decoding=\"async\" src=\"https:\/\/www.residenceriopiccolo.it\/wp-content\/plugins\/wp-tripadvisor-review-slider\/public\/partials\/imgs\/tripadvisor_outline.png\" alt=\"tripadvisor logo\" class=\"wptripadvisor_t1_tripadvisor_logo\"><\/a>\t\t\t<\/div><span class=\"wptripadvisor_t1_A_8\"><\/span> <span class=\"wptripadvisor_t1_SPAN_5 wprev_preview_tcolor2_T1\">Denis P<br\/><span class=\"wprev_showdate_T1\">19. September 2019<\/span> <\/span>\r\n\t\t<\/div>\r\n\t\t\t\t<div class=\"wptripadvisor_t1_DIV_1 w3_wprs-col l4 outerrevdiv\">\r\n\t\t\t<div class=\"indrevdiv wptripadvisor_t1_DIV_2 wprev_preview_bg1_T1 wprev_preview_bradius_T1\">\r\n\t\t\t\t<p class=\"wptripadvisor_t1_P_3 wprev_preview_tcolor1_T1\">\r\n\t\t\t\t\t<span class=\"wptripadvisor_star_imgs_T1 wprevpro_star_imgs_T1\"><img decoding=\"async\" src=\"https:\/\/www.residenceriopiccolo.it\/wp-content\/plugins\/wp-tripadvisor-review-slider\/public\/partials\/imgs\/tripadvisor_stars_5.png\" alt=\"star rating\" class=\"wptripadvisor_t1_star_img_file\">&nbsp;&nbsp;<\/span><span class=\"wprevrevtitle\">Relax<\/span>&nbsp;-&nbsp;Posto bellissimo, posizione ottima e tutti servizi per una buona vacanza . Vicino al lago alle piscine e al mini market. Parcheggio privato e wi-fi molto buono . Personale disponibile<a class=\"wprs_rd_more\">... read more<\/a><span class=\"wprs_rd_more_text\" style=\"display:none\"> e gentile. Consigliato a tutti coppie famiglie e single<\/span>\t\t\t\t<\/p>\r\n\t\t\t\t\t\t\t\t<a href=\"https:\/\/www.tripadvisor.it\/Hotel_Review-g194827-d2455484-Reviews-Rio_Piccolo_Residence-Molveno_Province_of_Trento_Trentino_Alto_Adige.html\" target=\"_blank\" rel=\"nofollow\"><img decoding=\"async\" src=\"https:\/\/www.residenceriopiccolo.it\/wp-content\/plugins\/wp-tripadvisor-review-slider\/public\/partials\/imgs\/tripadvisor_outline.png\" alt=\"tripadvisor logo\" class=\"wptripadvisor_t1_tripadvisor_logo\"><\/a>\t\t\t<\/div><span class=\"wptripadvisor_t1_A_8\"><\/span> <span class=\"wptripadvisor_t1_SPAN_5 wprev_preview_tcolor2_T1\">Inspire16951741418<br\/><span class=\"wprev_showdate_T1\">2. Juni 2021<\/span> <\/span>\r\n\t\t<\/div>\r\n\t\t\t\t<div class=\"wptripadvisor_t1_DIV_1 w3_wprs-col l4 outerrevdiv\">\r\n\t\t\t<div class=\"indrevdiv wptripadvisor_t1_DIV_2 wprev_preview_bg1_T1 wprev_preview_bradius_T1\">\r\n\t\t\t\t<p class=\"wptripadvisor_t1_P_3 wprev_preview_tcolor1_T1\">\r\n\t\t\t\t\t<span class=\"wptripadvisor_star_imgs_T1 wprevpro_star_imgs_T1\"><img decoding=\"async\" src=\"https:\/\/www.residenceriopiccolo.it\/wp-content\/plugins\/wp-tripadvisor-review-slider\/public\/partials\/imgs\/tripadvisor_stars_5.png\" alt=\"star rating\" class=\"wptripadvisor_t1_star_img_file\">&nbsp;&nbsp;<\/span><span class=\"wprevrevtitle\">Vacanza<\/span>&nbsp;-&nbsp;Tutto perfetto,proprietari molto gentili,il posto dove abbiamo soggiornato \u00e8  molto bello e spazioso 2 camere grandi ed un bel soggiorno,la veduta dai balconi \u00e8 fantastica, e tutto ben organizzato,<a class=\"wprs_rd_more\">... read more<\/a><span class=\"wprs_rd_more_text\" style=\"display:none\"> ritorneremo sicuramente,e Molveno \u00e8 bellissimo,tanto per le famiglie<\/span>\t\t\t\t<\/p>\r\n\t\t\t\t\t\t\t\t<a href=\"https:\/\/www.tripadvisor.it\/Hotel_Review-g194827-d2455484-Reviews-Rio_Piccolo_Residence-Molveno_Province_of_Trento_Trentino_Alto_Adige.html\" target=\"_blank\" rel=\"nofollow\"><img decoding=\"async\" src=\"https:\/\/www.residenceriopiccolo.it\/wp-content\/plugins\/wp-tripadvisor-review-slider\/public\/partials\/imgs\/tripadvisor_outline.png\" alt=\"tripadvisor logo\" class=\"wptripadvisor_t1_tripadvisor_logo\"><\/a>\t\t\t<\/div><span class=\"wptripadvisor_t1_A_8\"><\/span> <span class=\"wptripadvisor_t1_SPAN_5 wprev_preview_tcolor2_T1\">200916simona<br\/><span class=\"wprev_showdate_T1\">14. Juli 2020<\/span> <\/span>\r\n\t\t<\/div>\r\n\t\t\t<\/div>\r\n\t<\/li><li class=\"wprevnextslide\">\t\t<div class=\"wptripadvisor_t1_outer_div w3_wprs-row-padding\">\r\n\t\t\t\t<div class=\"wptripadvisor_t1_DIV_1 w3_wprs-col l4 outerrevdiv\">\r\n\t\t\t<div class=\"indrevdiv wptripadvisor_t1_DIV_2 wprev_preview_bg1_T1 wprev_preview_bradius_T1\">\r\n\t\t\t\t<p class=\"wptripadvisor_t1_P_3 wprev_preview_tcolor1_T1\">\r\n\t\t\t\t\t<span class=\"wptripadvisor_star_imgs_T1 wprevpro_star_imgs_T1\"><img decoding=\"async\" src=\"https:\/\/www.residenceriopiccolo.it\/wp-content\/plugins\/wp-tripadvisor-review-slider\/public\/partials\/imgs\/tripadvisor_stars_5.png\" alt=\"star rating\" class=\"wptripadvisor_t1_star_img_file\">&nbsp;&nbsp;<\/span><span class=\"wprevrevtitle\">Vacanze a molveno<\/span>&nbsp;-&nbsp;Struttura situata in prossimit\u00e0 del lago ,dotato di tutte le comodit\u00e0 e di garage x le auto e vano lavanderia . Appartamento comodo luminoso con ampi balconi e soprattutto pulito<a class=\"wprs_rd_more\">... read more<\/a><span class=\"wprs_rd_more_text\" style=\"display:none\"> . Biancheria da bagno fornita a sufficienza.<\/span>\t\t\t\t<\/p>\r\n\t\t\t\t\t\t\t\t<a href=\"https:\/\/www.tripadvisor.it\/Hotel_Review-g194827-d2455484-Reviews-Rio_Piccolo_Residence-Molveno_Province_of_Trento_Trentino_Alto_Adige.html\" target=\"_blank\" rel=\"nofollow\"><img decoding=\"async\" src=\"https:\/\/www.residenceriopiccolo.it\/wp-content\/plugins\/wp-tripadvisor-review-slider\/public\/partials\/imgs\/tripadvisor_outline.png\" alt=\"tripadvisor logo\" class=\"wptripadvisor_t1_tripadvisor_logo\"><\/a>\t\t\t<\/div><span class=\"wptripadvisor_t1_A_8\"><\/span> <span class=\"wptripadvisor_t1_SPAN_5 wprev_preview_tcolor2_T1\">emmeggi73<br\/><span class=\"wprev_showdate_T1\">4. September 2019<\/span> <\/span>\r\n\t\t<\/div>\r\n\t\t\t\t<div class=\"wptripadvisor_t1_DIV_1 w3_wprs-col l4 outerrevdiv\">\r\n\t\t\t<div class=\"indrevdiv wptripadvisor_t1_DIV_2 wprev_preview_bg1_T1 wprev_preview_bradius_T1\">\r\n\t\t\t\t<p class=\"wptripadvisor_t1_P_3 wprev_preview_tcolor1_T1\">\r\n\t\t\t\t\t<span class=\"wptripadvisor_star_imgs_T1 wprevpro_star_imgs_T1\"><img decoding=\"async\" src=\"https:\/\/www.residenceriopiccolo.it\/wp-content\/plugins\/wp-tripadvisor-review-slider\/public\/partials\/imgs\/tripadvisor_stars_5.png\" alt=\"star rating\" class=\"wptripadvisor_t1_star_img_file\">&nbsp;&nbsp;<\/span>Ottima sistemazione fronte lago, grande cortesia e disponibilit\u00e0; ottima la pulizia e servizi offerti di qualit\u00e0.<br \/>\r\nVeramente molta attenzione alle richieste dei clienti, noi abbiamo trascorso 10 giorni fantastici. Grazie<a class=\"wprs_rd_more\">... read more<\/a><span class=\"wprs_rd_more_text\" style=\"display:none\"> a tutto lo staff<\/span>\t\t\t\t<\/p>\r\n\t\t\t\t\t\t\t\t<a href=\"https:\/\/www.tripadvisor.it\/Hotel_Review-g194827-d2455484-Reviews-Rio_Piccolo_Residence-Molveno_Province_of_Trento_Trentino_Alto_Adige.html\" target=\"_blank\" rel=\"nofollow\"><img decoding=\"async\" src=\"https:\/\/www.residenceriopiccolo.it\/wp-content\/plugins\/wp-tripadvisor-review-slider\/public\/partials\/imgs\/tripadvisor_outline.png\" alt=\"tripadvisor logo\" class=\"wptripadvisor_t1_tripadvisor_logo\"><\/a>\t\t\t<\/div><span class=\"wptripadvisor_t1_A_8\"><\/span> <span class=\"wptripadvisor_t1_SPAN_5 wprev_preview_tcolor2_T1\">H6963ABalbertoa<br\/><span class=\"wprev_showdate_T1\">20. August 2022<\/span> <\/span>\r\n\t\t<\/div>\r\n\t\t\t\t<div class=\"wptripadvisor_t1_DIV_1 w3_wprs-col l4 outerrevdiv\">\r\n\t\t\t<div class=\"indrevdiv wptripadvisor_t1_DIV_2 wprev_preview_bg1_T1 wprev_preview_bradius_T1\">\r\n\t\t\t\t<p class=\"wptripadvisor_t1_P_3 wprev_preview_tcolor1_T1\">\r\n\t\t\t\t\t<span class=\"wptripadvisor_star_imgs_T1 wprevpro_star_imgs_T1\"><img decoding=\"async\" src=\"https:\/\/www.residenceriopiccolo.it\/wp-content\/plugins\/wp-tripadvisor-review-slider\/public\/partials\/imgs\/tripadvisor_stars_5.png\" alt=\"star rating\" class=\"wptripadvisor_t1_star_img_file\">&nbsp;&nbsp;<\/span><span class=\"wprevrevtitle\">Residence completo di tutto<\/span>&nbsp;-&nbsp;Il residence \u00e8 in un ottima posizione, fuori dal centro, in zona tranquilla, ma dove a piedi si pu\u00f2 raggiungere qualsiasi zona d'interesse.<br \/>\r\nGli appartamenti sono dotati di tutto quello<a class=\"wprs_rd_more\">... read more<\/a><span class=\"wprs_rd_more_text\" style=\"display:none\"> che serve per il soggiorno, comprese stoviglie, caffettiera e microonde.<br \/>\r\nNel piano interrato, oltre ai posti auto coperti e protetti da saracinesca automatica, si trova anche il locale lavanderia, con lavatrice, asse e ferro da stiro.<\/span>\t\t\t\t<\/p>\r\n\t\t\t\t\t\t\t\t<a href=\"https:\/\/www.tripadvisor.it\/Hotel_Review-g194827-d2455484-Reviews-Rio_Piccolo_Residence-Molveno_Province_of_Trento_Trentino_Alto_Adige.html\" target=\"_blank\" rel=\"nofollow\"><img decoding=\"async\" src=\"https:\/\/www.residenceriopiccolo.it\/wp-content\/plugins\/wp-tripadvisor-review-slider\/public\/partials\/imgs\/tripadvisor_outline.png\" alt=\"tripadvisor logo\" class=\"wptripadvisor_t1_tripadvisor_logo\"><\/a>\t\t\t<\/div><span class=\"wptripadvisor_t1_A_8\"><\/span> <span class=\"wptripadvisor_t1_SPAN_5 wprev_preview_tcolor2_T1\">P2023WCmaurom<br\/><span class=\"wprev_showdate_T1\">24. Juli 2022<\/span> <\/span>\r\n\t\t<\/div>\r\n\t\t\t<\/div>\r\n\t<\/li><\/ul><\/div>\n<!-- [et_pb_line_break_holder] -->[\/et_pb_code][\/et_pb_column][\/et_pb_row][\/et_pb_section][et_pb_section fb_built=&#8221;1&#8243; _builder_version=&#8221;4.9.1&#8243; _module_preset=&#8221;default&#8221; da_disable_devices=&#8221;off|off|off&#8221; da_is_popup=&#8221;off&#8221; da_exit_intent=&#8221;off&#8221; da_has_close=&#8221;on&#8221; da_alt_close=&#8221;off&#8221; da_dark_close=&#8221;off&#8221; da_not_modal=&#8221;on&#8221; da_is_singular=&#8221;off&#8221; da_with_loader=&#8221;off&#8221; da_has_shadow=&#8221;on&#8221;][et_pb_row _builder_version=&#8221;4.8.1&#8243; _module_preset=&#8221;default&#8221;][et_pb_column type=&#8221;4_4&#8243; _builder_version=&#8221;4.8.1&#8243; _module_preset=&#8221;default&#8221;][et_pb_cta title=&#8221;Galerie&#8221; _builder_version=&#8221;4.9.1&#8243; _module_preset=&#8221;default&#8221; header_level=&#8221;h1&#8243; header_font=&#8221;Poppins|600|||||||&#8221; header_text_color=&#8221;#998d85&#8243; header_font_size=&#8221;40px&#8221; body_font=&#8221;Open Sans||||||||&#8221; body_text_color=&#8221;#979191&#8243; body_font_size=&#8221;19px&#8221; background_color=&#8221;RGBA(0,0,0,0)&#8221; custom_padding=&#8221;||2px|||&#8221;][\/et_pb_cta][\/et_pb_column][\/et_pb_row][\/et_pb_section][et_pb_section fb_built=&#8221;1&#8243; admin_label=&#8221;Section&#8221; _builder_version=&#8221;4.9.1&#8243; background_color=&#8221;#f9f9f9&#8243; custom_padding=&#8221;0px||0px|&#8221; custom_padding_tablet=&#8221;0px||0px|&#8221; da_disable_devices=&#8221;off|off|off&#8221; transparent_background=&#8221;off&#8221; padding_mobile=&#8221;on&#8221; make_fullwidth=&#8221;off&#8221; use_custom_width=&#8221;off&#8221; width_unit=&#8221;on&#8221; da_is_popup=&#8221;off&#8221; da_exit_intent=&#8221;off&#8221; da_has_close=&#8221;on&#8221; da_alt_close=&#8221;off&#8221; da_dark_close=&#8221;off&#8221; da_not_modal=&#8221;on&#8221; da_is_singular=&#8221;off&#8221; da_with_loader=&#8221;off&#8221; da_has_shadow=&#8221;on&#8221;][et_pb_row column_structure=&#8221;1_2,1_2&#8243; use_custom_gutter=&#8221;on&#8221; padding_mobile=&#8221;on&#8221; make_equal=&#8221;on&#8221; column_padding_mobile=&#8221;on&#8221; admin_label=&#8221;Row&#8221; module_class=&#8221; et_pb_row_fullwidth&#8221; _builder_version=&#8221;4.9.1&#8243; background_size=&#8221;initial&#8221; background_position=&#8221;top_left&#8221; background_repeat=&#8221;repeat&#8221; width=&#8221;77%&#8221; width_tablet=&#8221;100%&#8221; width_phone=&#8221;&#8221; width_last_edited=&#8221;on|desktop&#8221; max_width=&#8221;100%&#8221; max_width_tablet=&#8221;100%&#8221; max_width_phone=&#8221;&#8221; max_width_last_edited=&#8221;on|desktop&#8221; custom_padding=&#8221;0px||0px|&#8221; make_fullwidth=&#8221;on&#8221; use_custom_width=&#8221;off&#8221; width_unit=&#8221;on&#8221;][et_pb_column type=&#8221;1_2&#8243; _builder_version=&#8221;3.25&#8243; custom_padding=&#8221;|||&#8221; custom_padding__hover=&#8221;|||&#8221;][et_pb_image src=&#8221;https:\/\/residenceriopiccolo.it\/wp-content\/uploads\/2022\/01\/appartamento-bilocale-5..-scaled.jpg&#8221; title_text=&#8221;wohnung-zwei-zimmer&#8221; show_in_lightbox=&#8221;on&#8221; use_overlay=&#8221;on&#8221; overlay_icon_color=&#8221;RGBA(0,0,0,0)&#8221; hover_overlay_color=&#8221;rgba(0,100,58,0.7)&#8221; align=&#8221;center&#8221; force_fullwidth=&#8221;on&#8221; align_tablet=&#8221;center&#8221; align_phone=&#8221;&#8221; align_last_edited=&#8221;on|desktop&#8221; admin_label=&#8221;Image&#8221; module_class=&#8221;et-overlay-image et-rotate&#8221; _builder_version=&#8221;4.9.1&#8243; custom_css_before=&#8221;background-color: rgba(76,41,233,0.8)!important;||&#8221; use_border_color=&#8221;off&#8221; border_color=&#8221;#ffffff&#8221; border_style=&#8221;solid&#8221; animation=&#8221;off&#8221; sticky=&#8221;off&#8221; always_center_on_mobile=&#8221;on&#8221; src__hover_enabled=&#8221;on|hover&#8221; background__hover_enabled=&#8221;on|hover&#8221; background_color_gradient_end__hover=&#8221;#29c4a9&#8243; use_background_color_gradient__hover=&#8221;on&#8221; background_color_gradient_overlays_image__hover=&#8221;off&#8221;] [\/et_pb_image][et_pb_code module_class=&#8221;et-overlay-container&#8221; _builder_version=&#8221;4.8.1&#8243; _module_preset=&#8221;default&#8221; overflow-x=&#8221;hidden&#8221; overflow-y=&#8221;hidden&#8221;]<\/p>\n<style><!-- [et_pb_line_break_holder] --> @media all and (min-width: 981px) {<!-- [et_pb_line_break_holder] -->  <!-- [et_pb_line_break_holder] -->  .et-fb-root-ancestor .et-overlay-item {<!-- [et_pb_line_break_holder] -->    opacity: 1; \/*shows hidden overlay items when using the visual Divi Builder*\/<!-- [et_pb_line_break_holder] -->  }<!-- [et_pb_line_break_holder] -->  .et-overlay-item {<!-- [et_pb_line_break_holder] -->    opacity: 0; \/*hides overlay items by default*\/<!-- [et_pb_line_break_holder] -->    margin-bottom: 0px;<!-- [et_pb_line_break_holder] -->  }<!-- [et_pb_line_break_holder] -->  .et-overlay-item, .et-overlay-image {<!-- [et_pb_line_break_holder] -->    transition: all 400ms !important; \/*sets transition speed of all overlay items*\/<!-- [et_pb_line_break_holder] -->  }<!-- [et_pb_line_break_holder] -->  .et-overlay-container:hover .et-overlay-item {<!-- [et_pb_line_break_holder] -->    opacity: 1; \/*reveals hidden overlay items on hover*\/<!-- [et_pb_line_break_holder] -->  }<!-- [et_pb_line_break_holder] -->  .et-overlay-container:hover .et-overlay-image {<!-- [et_pb_line_break_holder] -->    \/*add new styles here to change image on hover*\/<!-- [et_pb_line_break_holder] -->  }<!-- [et_pb_line_break_holder] -->  .et-overlay-container:hover .et-overlay-image.et-scale {<!-- [et_pb_line_break_holder] -->    transform: scale(1.2); \/*adjust scale of image here*\/<!-- [et_pb_line_break_holder] -->  }<!-- [et_pb_line_break_holder] -->  .et-overlay-container:hover .et-overlay-image.et-rotate {<!-- [et_pb_line_break_holder] -->    transform: scale(1.4)<!-- [et_pb_line_break_holder] -->    rotateZ(10deg)!important; \/*adjust rotation of image and scale needed for rotation here*\/<!-- [et_pb_line_break_holder] -->  }  <!-- [et_pb_line_break_holder] -->  .et-overlay-container:hover .et-overlay-item.move-up {<!-- [et_pb_line_break_holder] -->    margin-bottom: 15% !important; \/*adjust how far you want the overlay item to move up*\/<!-- [et_pb_line_break_holder] -->  }<!-- [et_pb_line_break_holder] -->  .et-overlay-container:hover .et-overlay-item.move-down {<!-- [et_pb_line_break_holder] -->    margin-top: 10%; \/*adjust how far you want the overlay item to move down*\/<!-- [et_pb_line_break_holder] -->  }<!-- [et_pb_line_break_holder] --><!-- [et_pb_line_break_holder] -->}<!-- [et_pb_line_break_holder] --><\/style>\n<p>[\/et_pb_code][\/et_pb_column][et_pb_column type=&#8221;1_2&#8243; _builder_version=&#8221;3.25&#8243; background_color=&#8221;#ffffff&#8221; custom_padding=&#8221;|||&#8221; custom_padding__hover=&#8221;|||&#8221;][et_pb_image src=&#8221;https:\/\/residenceriopiccolo.it\/wp-content\/uploads\/2022\/01\/appartamento-bilocale-5&#8211;scaled.jpg&#8221; title_text=&#8221;wohnung-zwei-zimmer&#8221; show_in_lightbox=&#8221;on&#8221; use_overlay=&#8221;on&#8221; overlay_icon_color=&#8221;RGBA(0,0,0,0)&#8221; hover_overlay_color=&#8221;rgba(0,100,58,0.7)&#8221; align=&#8221;center&#8221; force_fullwidth=&#8221;on&#8221; align_tablet=&#8221;center&#8221; align_phone=&#8221;&#8221; align_last_edited=&#8221;on|desktop&#8221; admin_label=&#8221;Image&#8221; module_class=&#8221;et-overlay-image et-rotate&#8221; _builder_version=&#8221;4.9.1&#8243; use_border_color=&#8221;off&#8221; border_color=&#8221;#ffffff&#8221; border_style=&#8221;solid&#8221; animation=&#8221;off&#8221; sticky=&#8221;off&#8221; always_center_on_mobile=&#8221;on&#8221;] [\/et_pb_image][et_pb_code module_class=&#8221;et-overlay-container&#8221; _builder_version=&#8221;4.8.1&#8243; _module_preset=&#8221;default&#8221; overflow-x=&#8221;hidden&#8221; overflow-y=&#8221;hidden&#8221;]<\/p>\n<style><!-- [et_pb_line_break_holder] --> @media all and (min-width: 981px) {<!-- [et_pb_line_break_holder] -->  <!-- [et_pb_line_break_holder] -->  .et-fb-root-ancestor .et-overlay-item {<!-- [et_pb_line_break_holder] -->    opacity: 1; \/*shows hidden overlay items when using the visual Divi Builder*\/<!-- [et_pb_line_break_holder] -->  }<!-- [et_pb_line_break_holder] -->  .et-overlay-item {<!-- [et_pb_line_break_holder] -->    opacity: 0; \/*hides overlay items by default*\/<!-- [et_pb_line_break_holder] -->    margin-bottom: 0px;<!-- [et_pb_line_break_holder] -->  }<!-- [et_pb_line_break_holder] -->  .et-overlay-item, .et-overlay-image {<!-- [et_pb_line_break_holder] -->    transition: all 400ms !important; \/*sets transition speed of all overlay items*\/<!-- [et_pb_line_break_holder] -->  }<!-- [et_pb_line_break_holder] -->  .et-overlay-container:hover .et-overlay-item {<!-- [et_pb_line_break_holder] -->    opacity: 1; \/*reveals hidden overlay items on hover*\/<!-- [et_pb_line_break_holder] -->  }<!-- [et_pb_line_break_holder] -->  .et-overlay-container:hover .et-overlay-image {<!-- [et_pb_line_break_holder] -->    \/*add new styles here to change image on hover*\/<!-- [et_pb_line_break_holder] -->  }<!-- [et_pb_line_break_holder] -->  .et-overlay-container:hover .et-overlay-image.et-scale {<!-- [et_pb_line_break_holder] -->    transform: scale(1.2); \/*adjust scale of image here*\/<!-- [et_pb_line_break_holder] -->  }<!-- [et_pb_line_break_holder] -->  .et-overlay-container:hover .et-overlay-image.et-rotate {<!-- [et_pb_line_break_holder] -->    transform: scale(1.4)<!-- [et_pb_line_break_holder] -->    rotateZ(10deg)!important; \/*adjust rotation of image and scale needed for rotation here*\/<!-- [et_pb_line_break_holder] -->  }  <!-- [et_pb_line_break_holder] -->  .et-overlay-container:hover .et-overlay-item.move-up {<!-- [et_pb_line_break_holder] -->    margin-bottom: 15% !important; \/*adjust how far you want the overlay item to move up*\/<!-- [et_pb_line_break_holder] -->  }<!-- [et_pb_line_break_holder] -->  .et-overlay-container:hover .et-overlay-item.move-down {<!-- [et_pb_line_break_holder] -->    margin-top: 10%; \/*adjust how far you want the overlay item to move down*\/<!-- [et_pb_line_break_holder] -->  }<!-- [et_pb_line_break_holder] --><!-- [et_pb_line_break_holder] -->}<!-- [et_pb_line_break_holder] --><\/style>\n<p>[\/et_pb_code][\/et_pb_column][\/et_pb_row][et_pb_row column_structure=&#8221;1_2,1_2&#8243; use_custom_gutter=&#8221;on&#8221; make_equal=&#8221;on&#8221; column_padding_mobile=&#8221;on&#8221; admin_label=&#8221;Row&#8221; module_class=&#8221; et_pb_row_fullwidth&#8221; _builder_version=&#8221;4.9.1&#8243; background_size=&#8221;initial&#8221; background_position=&#8221;top_left&#8221; background_repeat=&#8221;repeat&#8221; width=&#8221;77%&#8221; width_tablet=&#8221;100%&#8221; width_phone=&#8221;&#8221; width_last_edited=&#8221;on|desktop&#8221; max_width=&#8221;100%&#8221; max_width_tablet=&#8221;100%&#8221; max_width_phone=&#8221;&#8221; max_width_last_edited=&#8221;on|desktop&#8221; custom_padding=&#8221;0px||40px||false|false&#8221; make_fullwidth=&#8221;on&#8221; use_custom_width=&#8221;off&#8221; width_unit=&#8221;on&#8221;][et_pb_column type=&#8221;1_2&#8243; _builder_version=&#8221;3.25&#8243; custom_padding=&#8221;|||&#8221; custom_padding__hover=&#8221;|||&#8221;][et_pb_image src=&#8221;https:\/\/residenceriopiccolo.it\/wp-content\/uploads\/2022\/01\/appartamento-bilocale-5&#8230;-scaled.jpg&#8221; title_text=&#8221;wohnung-zwei-zimmer&#8221; show_in_lightbox=&#8221;on&#8221; use_overlay=&#8221;on&#8221; overlay_icon_color=&#8221;RGBA(0,0,0,0)&#8221; hover_overlay_color=&#8221;rgba(0,100,58,0.7)&#8221; align=&#8221;center&#8221; force_fullwidth=&#8221;on&#8221; align_tablet=&#8221;center&#8221; align_phone=&#8221;&#8221; align_last_edited=&#8221;on|desktop&#8221; admin_label=&#8221;Image&#8221; module_class=&#8221;et-overlay-image et-rotate&#8221; _builder_version=&#8221;4.9.1&#8243; hover_transition_duration=&#8221;250ms&#8221; use_border_color=&#8221;off&#8221; border_color=&#8221;#ffffff&#8221; border_style=&#8221;solid&#8221; animation=&#8221;off&#8221; sticky=&#8221;off&#8221; always_center_on_mobile=&#8221;on&#8221;] [\/et_pb_image][et_pb_code module_class=&#8221;et-overlay-container&#8221; _builder_version=&#8221;4.8.1&#8243; _module_preset=&#8221;default&#8221; overflow-x=&#8221;hidden&#8221; overflow-y=&#8221;hidden&#8221;]<\/p>\n<style><!-- [et_pb_line_break_holder] --> @media all and (min-width: 981px) {<!-- [et_pb_line_break_holder] -->  <!-- [et_pb_line_break_holder] -->  .et-fb-root-ancestor .et-overlay-item {<!-- [et_pb_line_break_holder] -->    opacity: 1; \/*shows hidden overlay items when using the visual Divi Builder*\/<!-- [et_pb_line_break_holder] -->  }<!-- [et_pb_line_break_holder] -->  .et-overlay-item {<!-- [et_pb_line_break_holder] -->    opacity: 0; \/*hides overlay items by default*\/<!-- [et_pb_line_break_holder] -->    margin-bottom: 0px;<!-- [et_pb_line_break_holder] -->  }<!-- [et_pb_line_break_holder] -->  .et-overlay-item, .et-overlay-image {<!-- [et_pb_line_break_holder] -->    transition: all 400ms !important; \/*sets transition speed of all overlay items*\/<!-- [et_pb_line_break_holder] -->  }<!-- [et_pb_line_break_holder] -->  .et-overlay-container:hover .et-overlay-item {<!-- [et_pb_line_break_holder] -->    opacity: 1; \/*reveals hidden overlay items on hover*\/<!-- [et_pb_line_break_holder] -->  }<!-- [et_pb_line_break_holder] -->  .et-overlay-container:hover .et-overlay-image {<!-- [et_pb_line_break_holder] -->    \/*add new styles here to change image on hover*\/<!-- [et_pb_line_break_holder] -->  }<!-- [et_pb_line_break_holder] -->  .et-overlay-container:hover .et-overlay-image.et-scale {<!-- [et_pb_line_break_holder] -->    transform: scale(1.2); \/*adjust scale of image here*\/<!-- [et_pb_line_break_holder] -->  }<!-- [et_pb_line_break_holder] -->  .et-overlay-container:hover .et-overlay-image.et-rotate {<!-- [et_pb_line_break_holder] -->    transform: scale(1.4)<!-- [et_pb_line_break_holder] -->    rotateZ(10deg)!important; \/*adjust rotation of image and scale needed for rotation here*\/<!-- [et_pb_line_break_holder] -->  }  <!-- [et_pb_line_break_holder] -->  .et-overlay-container:hover .et-overlay-item.move-up {<!-- [et_pb_line_break_holder] -->    margin-bottom: 15% !important; \/*adjust how far you want the overlay item to move up*\/<!-- [et_pb_line_break_holder] -->  }<!-- [et_pb_line_break_holder] -->  .et-overlay-container:hover .et-overlay-item.move-down {<!-- [et_pb_line_break_holder] -->    margin-top: 10%; \/*adjust how far you want the overlay item to move down*\/<!-- [et_pb_line_break_holder] -->  }<!-- [et_pb_line_break_holder] --><!-- [et_pb_line_break_holder] -->}<!-- [et_pb_line_break_holder] --><\/style>\n<p>[\/et_pb_code][\/et_pb_column][et_pb_column type=&#8221;1_2&#8243; _builder_version=&#8221;3.25&#8243; background_color=&#8221;#ffffff&#8221; custom_padding=&#8221;|||&#8221; custom_padding__hover=&#8221;|||&#8221;][et_pb_image src=&#8221;https:\/\/residenceriopiccolo.it\/wp-content\/uploads\/2022\/01\/appartamento-bilocale-5-scaled.jpg&#8221; title_text=&#8221;wohnung-zwei-zimmer&#8221; show_in_lightbox=&#8221;on&#8221; use_overlay=&#8221;on&#8221; overlay_icon_color=&#8221;RGBA(0,0,0,0)&#8221; hover_overlay_color=&#8221;rgba(0,100,58,0.7)&#8221; align=&#8221;center&#8221; force_fullwidth=&#8221;on&#8221; align_tablet=&#8221;center&#8221; align_phone=&#8221;&#8221; align_last_edited=&#8221;on|desktop&#8221; admin_label=&#8221;Image&#8221; module_class=&#8221;et-overlay-image et-rotate&#8221; _builder_version=&#8221;4.9.1&#8243; use_border_color=&#8221;off&#8221; border_color=&#8221;#ffffff&#8221; border_style=&#8221;solid&#8221; animation=&#8221;off&#8221; sticky=&#8221;off&#8221; always_center_on_mobile=&#8221;on&#8221;] [\/et_pb_image][et_pb_code module_class=&#8221;et-overlay-container&#8221; _builder_version=&#8221;4.9.1&#8243; _module_preset=&#8221;default&#8221; overflow-x=&#8221;hidden&#8221; overflow-y=&#8221;hidden&#8221;]<\/p>\n<style><!-- [et_pb_line_break_holder] --> @media all and (min-width: 981px) {<!-- [et_pb_line_break_holder] -->  <!-- [et_pb_line_break_holder] -->  .et-fb-root-ancestor .et-overlay-item {<!-- [et_pb_line_break_holder] -->    opacity: 1; \/*shows hidden overlay items when using the visual Divi Builder*\/<!-- [et_pb_line_break_holder] -->  }<!-- [et_pb_line_break_holder] -->  .et-overlay-item {<!-- [et_pb_line_break_holder] -->    opacity: 0; \/*hides overlay items by default*\/<!-- [et_pb_line_break_holder] -->    margin-bottom: 0px;<!-- [et_pb_line_break_holder] -->  }<!-- [et_pb_line_break_holder] -->  .et-overlay-item, .et-overlay-image {<!-- [et_pb_line_break_holder] -->    transition: all 400ms !important; \/*sets transition speed of all overlay items*\/<!-- [et_pb_line_break_holder] -->  }<!-- [et_pb_line_break_holder] -->  .et-overlay-container:hover .et-overlay-item {<!-- [et_pb_line_break_holder] -->    opacity: 1; \/*reveals hidden overlay items on hover*\/<!-- [et_pb_line_break_holder] -->  }<!-- [et_pb_line_break_holder] -->  .et-overlay-container:hover .et-overlay-image {<!-- [et_pb_line_break_holder] -->    \/*add new styles here to change image on hover*\/<!-- [et_pb_line_break_holder] -->  }<!-- [et_pb_line_break_holder] -->  .et-overlay-container:hover .et-overlay-image.et-scale {<!-- [et_pb_line_break_holder] -->    transform: scale(1.2); \/*adjust scale of image here*\/<!-- [et_pb_line_break_holder] -->  }<!-- [et_pb_line_break_holder] -->  .et-overlay-container:hover .et-overlay-image.et-rotate {<!-- [et_pb_line_break_holder] -->    transform: scale(1.4)<!-- [et_pb_line_break_holder] -->    rotateZ(10deg)!important; \/*adjust rotation of image and scale needed for rotation here*\/<!-- [et_pb_line_break_holder] -->  }  <!-- [et_pb_line_break_holder] -->  .et-overlay-container:hover .et-overlay-item.move-up {<!-- [et_pb_line_break_holder] -->    margin-bottom: 15% !important; \/*adjust how far you want the overlay item to move up*\/<!-- [et_pb_line_break_holder] -->  }<!-- [et_pb_line_break_holder] -->  .et-overlay-container:hover .et-overlay-item.move-down {<!-- [et_pb_line_break_holder] -->    margin-top: 10%; \/*adjust how far you want the overlay item to move down*\/<!-- [et_pb_line_break_holder] -->  }<!-- [et_pb_line_break_holder] --><!-- [et_pb_line_break_holder] -->}<!-- [et_pb_line_break_holder] --><\/style>\n<p>[\/et_pb_code][\/et_pb_column][\/et_pb_row][\/et_pb_section][et_pb_section fb_built=&#8221;1&#8243; disabled_on=&#8221;off|off|off&#8221; admin_label=&#8221;Section&#8221; _builder_version=&#8221;4.9.1&#8243; _module_preset=&#8221;8dd5f24d-b2af-4685-aec4-ce96489da771&#8243; da_disable_devices=&#8221;off|off|off&#8221; saved_tabs=&#8221;all&#8221; da_is_popup=&#8221;off&#8221; da_exit_intent=&#8221;off&#8221; da_has_close=&#8221;on&#8221; da_alt_close=&#8221;off&#8221; da_dark_close=&#8221;off&#8221; da_not_modal=&#8221;on&#8221; da_is_singular=&#8221;off&#8221; da_with_loader=&#8221;off&#8221; da_has_shadow=&#8221;on&#8221;][et_pb_row column_structure=&#8221;1_3,1_3,1_3&#8243; disabled_on=&#8221;on|on|off&#8221; _builder_version=&#8221;4.9.1&#8243; _module_preset=&#8221;default&#8221;][et_pb_column type=&#8221;1_3&#8243; _builder_version=&#8221;4.8.1&#8243; _module_preset=&#8221;default&#8221;][et_pb_blurb title=&#8221;TELEFON&#8221; image=&#8221;https:\/\/residenceriopiccolo.it\/wp-content\/uploads\/2021\/03\/phone.png&#8221; image_max_width=&#8221;50%&#8221; _builder_version=&#8221;4.9.1&#8243; _module_preset=&#8221;default&#8221; header_level=&#8221;h2&#8243; header_font=&#8221;Poppins|600|||||||&#8221; header_font_size=&#8221;14px&#8221; body_font=&#8221;Poppins|600|||||||&#8221; body_font_size=&#8221;20px&#8221; body_letter_spacing=&#8221;1px&#8221; text_orientation=&#8221;center&#8221; background_layout=&#8221;dark&#8221; custom_padding_tablet=&#8221;||20px||false|false&#8221; custom_padding_phone=&#8221;&#8221; custom_padding_last_edited=&#8221;on|phone&#8221; animation_style=&#8221;fold&#8221; animation_duration=&#8221;1250ms&#8221; border_color_all=&#8221;#E02B20&#8243; border_color_right=&#8221;rgba(255,255,255,0.25)&#8221; border_color_right_tablet=&#8221;RGBA(0,0,0,0)&#8221; border_color_right_phone=&#8221;&#8221; border_color_right_last_edited=&#8221;on|phone&#8221;]<\/p>\n<p>0461 586965<\/p>\n<p>[\/et_pb_blurb][\/et_pb_column][et_pb_column type=&#8221;1_3&#8243; _builder_version=&#8221;4.8.1&#8243; _module_preset=&#8221;default&#8221;][et_pb_blurb title=&#8221;EMAIL&#8221; image=&#8221;https:\/\/residenceriopiccolo.it\/wp-content\/uploads\/2021\/03\/MAIL.png&#8221; image_max_width=&#8221;50%&#8221; _builder_version=&#8221;4.9.1&#8243; _module_preset=&#8221;default&#8221; header_level=&#8221;h2&#8243; header_font=&#8221;Poppins|600|||||||&#8221; header_font_size=&#8221;14px&#8221; body_font=&#8221;Poppins|600|||||||&#8221; body_font_size=&#8221;20px&#8221; body_letter_spacing=&#8221;1px&#8221; text_orientation=&#8221;center&#8221; background_layout=&#8221;dark&#8221; custom_padding_tablet=&#8221;||20px||false|false&#8221; custom_padding_phone=&#8221;&#8221; custom_padding_last_edited=&#8221;on|tablet&#8221; animation_style=&#8221;fold&#8221; animation_duration=&#8221;1250ms&#8221; border_color_all=&#8221;#E02B20&#8243; border_color_right=&#8221;rgba(255,255,255,0.28)&#8221; border_color_right_tablet=&#8221;RGBA(0,0,0,0)&#8221; border_color_right_phone=&#8221;&#8221; border_color_right_last_edited=&#8221;on|tablet&#8221;]<\/p>\n<p>info@hoteldulac.it<\/p>\n<p>[\/et_pb_blurb][\/et_pb_column][et_pb_column type=&#8221;1_3&#8243; _builder_version=&#8221;4.8.1&#8243; _module_preset=&#8221;default&#8221;][et_pb_blurb title=&#8221;BUCHEN&#8221; image=&#8221;https:\/\/residenceriopiccolo.it\/wp-content\/uploads\/2021\/03\/calendar-1.png&#8221; image_max_width=&#8221;50%&#8221; _builder_version=&#8221;4.9.1&#8243; _module_preset=&#8221;default&#8221; header_font=&#8221;Poppins|600|||||||&#8221; header_text_align=&#8221;center&#8221; header_text_color=&#8221;#FFFFFF&#8221; header_font_size=&#8221;14px&#8221; header_letter_spacing=&#8221;1px&#8221; body_font=&#8221;Poppins|600|||||||&#8221; body_text_align=&#8221;center&#8221; body_text_color=&#8221;#FFFFFF&#8221; body_font_size=&#8221;20px&#8221; animation_style=&#8221;fold&#8221; animation_duration=&#8221;1250ms&#8221;]<\/p>\n<div class=\"element element3\">Das beste Angebot sichern<\/div>\n<p>[\/et_pb_blurb][\/et_pb_column][\/et_pb_row][et_pb_row column_structure=&#8221;1_6,1_6,1_6,1_6,1_6,1_6&#8243; disabled_on=&#8221;off|off|on&#8221; _builder_version=&#8221;4.9.1&#8243; _module_preset=&#8221;default&#8221;][et_pb_column type=&#8221;1_6&#8243; _builder_version=&#8221;4.8.1&#8243; _module_preset=&#8221;default&#8221;][et_pb_blurb title=&#8221;TELEFON&#8221; image=&#8221;https:\/\/residenceriopiccolo.it\/wp-content\/uploads\/2021\/03\/phone.png&#8221; image_max_width=&#8221;35%&#8221; disabled_on=&#8221;off|off|on&#8221; _builder_version=&#8221;4.9.1&#8243; _module_preset=&#8221;default&#8221; header_level=&#8221;h2&#8243; header_font=&#8221;Poppins|600|||||||&#8221; header_font_size=&#8221;14px&#8221; body_font=&#8221;Poppins|600|||||||&#8221; body_font_size=&#8221;16px&#8221; body_letter_spacing=&#8221;1px&#8221; text_orientation=&#8221;center&#8221; background_layout=&#8221;dark&#8221; custom_padding_tablet=&#8221;||20px||false|false&#8221; custom_padding_phone=&#8221;&#8221; custom_padding_last_edited=&#8221;on|phone&#8221; animation_style=&#8221;fold&#8221; animation_duration=&#8221;1250ms&#8221; border_color_all=&#8221;#E02B20&#8243; border_width_right=&#8221;1px&#8221; border_color_right=&#8221;rgba(255,255,255,0.25)&#8221; border_color_right_tablet=&#8221;RGBA(0,0,0,0)&#8221; border_color_right_phone=&#8221;&#8221; border_color_right_last_edited=&#8221;on|phone&#8221;]<\/p>\n<p>0461 586965<\/p>\n<p>[\/et_pb_blurb][\/et_pb_column][et_pb_column type=&#8221;1_6&#8243; _builder_version=&#8221;4.8.1&#8243; _module_preset=&#8221;default&#8221;][et_pb_blurb title=&#8221;EMAIL&#8221; image=&#8221;https:\/\/residenceriopiccolo.it\/wp-content\/uploads\/2021\/03\/MAIL.png&#8221; image_max_width=&#8221;35%&#8221; _builder_version=&#8221;4.9.1&#8243; _module_preset=&#8221;default&#8221; header_level=&#8221;h2&#8243; header_font=&#8221;Poppins|600|||||||&#8221; header_font_size=&#8221;14px&#8221; body_font=&#8221;Poppins|600|||||||&#8221; body_font_size=&#8221;16px&#8221; body_letter_spacing=&#8221;1px&#8221; text_orientation=&#8221;center&#8221; background_layout=&#8221;dark&#8221; custom_padding_tablet=&#8221;||20px||false|false&#8221; custom_padding_phone=&#8221;&#8221; custom_padding_last_edited=&#8221;on|tablet&#8221; animation_style=&#8221;fold&#8221; animation_duration=&#8221;1250ms&#8221; border_color_all=&#8221;#E02B20&#8243; border_width_right=&#8221;1px&#8221; border_color_right=&#8221;rgba(255,255,255,0.28)&#8221; border_color_right_tablet=&#8221;RGBA(0,0,0,0)&#8221; border_color_right_phone=&#8221;&#8221; border_color_right_last_edited=&#8221;on|tablet&#8221;]<\/p>\n<p>info@hoteldulac.it<\/p>\n<p>[\/et_pb_blurb][\/et_pb_column][et_pb_column type=&#8221;1_6&#8243; _builder_version=&#8221;4.8.1&#8243; _module_preset=&#8221;default&#8221;][et_pb_blurb title=&#8221;BUCHEN&#8221; image=&#8221;https:\/\/residenceriopiccolo.it\/wp-content\/uploads\/2021\/03\/calendar-1.png&#8221; image_max_width=&#8221;35%&#8221; _builder_version=&#8221;4.9.1&#8243; _module_preset=&#8221;default&#8221; header_font=&#8221;Poppins|600|||||||&#8221; header_text_align=&#8221;center&#8221; header_text_color=&#8221;#FFFFFF&#8221; header_font_size=&#8221;14px&#8221; header_letter_spacing=&#8221;1px&#8221; body_font=&#8221;Poppins|600|||||||&#8221; body_text_align=&#8221;center&#8221; body_text_color=&#8221;#FFFFFF&#8221; body_font_size=&#8221;16px&#8221; animation_style=&#8221;fold&#8221; animation_duration=&#8221;1250ms&#8221;]<\/p>\n<div class=\"element element3\">Das beste Angebot sichern<\/div>\n<p>[\/et_pb_blurb][\/et_pb_column][et_pb_column type=&#8221;1_6&#8243; _builder_version=&#8221;4.8.1&#8243; _module_preset=&#8221;default&#8221;][\/et_pb_column][et_pb_column type=&#8221;1_6&#8243; _builder_version=&#8221;4.8.1&#8243; _module_preset=&#8221;default&#8221;][\/et_pb_column][et_pb_column type=&#8221;1_6&#8243; _builder_version=&#8221;4.8.1&#8243; _module_preset=&#8221;default&#8221;][\/et_pb_column][\/et_pb_row][\/et_pb_section][et_pb_section fb_built=&#8221;1&#8243; _builder_version=&#8221;4.9.1&#8243; _module_preset=&#8221;default&#8221; background_color=&#8221;#f7f7f7&#8243; background_image=&#8221;https:\/\/residenceriopiccolo.it\/wp-content\/uploads\/2022\/01\/download-1-scaled.jpg&#8221; custom_padding=&#8221;22px||49px|||&#8221; animation_style=&#8221;flip&#8221; da_disable_devices=&#8221;off|off|off&#8221; saved_tabs=&#8221;all&#8221; da_is_popup=&#8221;off&#8221; da_exit_intent=&#8221;off&#8221; da_has_close=&#8221;on&#8221; da_alt_close=&#8221;off&#8221; da_dark_close=&#8221;off&#8221; da_not_modal=&#8221;on&#8221; da_is_singular=&#8221;off&#8221; da_with_loader=&#8221;off&#8221; da_has_shadow=&#8221;on&#8221;][et_pb_row _builder_version=&#8221;4.9.1&#8243; _module_preset=&#8221;default&#8221; custom_margin=&#8221;||20px||false|false&#8221;][et_pb_column type=&#8221;4_4&#8243; _builder_version=&#8221;4.9.1&#8243; _module_preset=&#8221;default&#8221;][et_pb_text _builder_version=&#8221;4.9.1&#8243; _module_preset=&#8221;default&#8221; text_font=&#8221;Poppins||||||||&#8221; text_text_color=&#8221;gcid-456496e3-ee3d-4ac0-a80c-675dd5a449c2&#8243; text_font_size=&#8221;19px&#8221; text_letter_spacing=&#8221;1px&#8221; header_font=&#8221;Poppins||||||||&#8221; header_text_color=&#8221;#E02B20&#8243; text_orientation=&#8221;center&#8221; global_colors_info=&#8221;{%22gcid-456496e3-ee3d-4ac0-a80c-675dd5a449c2%22:%91%22text_text_color%22%93,%22gcid-c2889c22-1496-436a-b1ee-d8ba40fc28b2%22:%91%93}&#8221;]<\/p>\n<p>ABONNIEREN SIE UNTEN, UM IMMER \u00dcBER UNSERE NEUESTEN NACHRICHTEN UND ANGEBOTE AKTUALISIERT ZU WERDEN<\/p>\n<p>[\/et_pb_text][\/et_pb_column][\/et_pb_row][et_pb_row disabled_on=&#8221;on|on|off&#8221; _builder_version=&#8221;4.9.1&#8243; _module_preset=&#8221;default&#8221; custom_margin=&#8221;||||false|false&#8221; custom_padding=&#8221;||||false|false&#8221;][et_pb_column type=&#8221;4_4&#8243; _builder_version=&#8221;4.9.1&#8243; _module_preset=&#8221;default&#8221;][et_pb_contact_form captcha=&#8221;off&#8221; email=&#8221;info@hoteldulac.it&#8221; custom_message=&#8221;Anfrage zum Abonnement des Residenz-Newsletters&#8221; success_message=&#8221;VIELEN DANK F\u00dcR IHR ABONNEMENT&#8221; submit_button_text=&#8221;ABONNIEREN&#8221; submit_button_text_last_edited=&#8221;off|desktop&#8221; _builder_version=&#8221;4.9.1&#8243; _module_preset=&#8221;default&#8221; form_field_text_align=&#8221;left&#8221; form_field_letter_spacing=&#8221;1px&#8221; custom_button=&#8221;on&#8221; button_text_size=&#8221;15px&#8221; button_text_color=&#8221;#FFFFFF&#8221; button_bg_color=&#8221;gcid-a7ef2208-d0ee-489d-ab30-23da9b767d83&#8243; button_border_width=&#8221;0px&#8221; button_border_color=&#8221;gcid-a7ef2208-d0ee-489d-ab30-23da9b767d83&#8243; button_border_radius=&#8221;0px&#8221; button_letter_spacing=&#8221;1px&#8221; button_font=&#8221;Poppins||||||||&#8221; button_use_icon=&#8221;off&#8221; button_custom_margin=&#8221;-70px|170px|10px|0px|false|false&#8221; button_custom_padding=&#8221;10px|15px|10px|15px|true|true&#8221; transform_translate_linked=&#8221;off&#8221; width=&#8221;80%&#8221; module_alignment=&#8221;center&#8221; custom_margin=&#8221;||||false|false&#8221; custom_padding=&#8221;0px||0px||true|false&#8221; custom_css_main_element=&#8221;margin-top: -1.5%;&#8221; global_colors_info=&#8221;{%22gcid-a7ef2208-d0ee-489d-ab30-23da9b767d83%22:%91%22button_bg_color%22,%22button_border_color%22%93}&#8221; submit_button_text__hover_enabled=&#8221;off|desktop&#8221;][et_pb_contact_field field_id=&#8221;Name&#8221; field_title=&#8221;Vorname&#8221; required_mark=&#8221;off&#8221; _builder_version=&#8221;4.9.1&#8243; form_field_background_color=&#8221;gcid-8c963cd8-a024-4540-9b31-1499baad90bf&#8221; form_field_text_color=&#8221;gcid-a7ef2208-d0ee-489d-ab30-23da9b767d83&#8243; form_field_letter_spacing=&#8221;1px&#8221; text_orientation=&#8221;left&#8221; custom_margin=&#8221;0px||||false|false&#8221; custom_css_main_element=&#8221;max-width: 32%;||&#8221; border_width_bottom=&#8221;1px&#8221; border_color_bottom=&#8221;gcid-33c2a7d3-386f-4e83-90be-52abfa6951d3&#8243; global_colors_info=&#8221;{%22gcid-8c963cd8-a024-4540-9b31-1499baad90bf%22:%91%22form_field_background_color%22%93,%22gcid-c2889c22-1496-436a-b1ee-d8ba40fc28b2%22:%91%93,%22gcid-a7ef2208-d0ee-489d-ab30-23da9b767d83%22:%91%22form_field_text_color%22%93,%22gcid-456496e3-ee3d-4ac0-a80c-675dd5a449c2%22:%91%93,%22gcid-2ec92bf7-ea86-43d9-83bf-fef3ede00bcd%22:%91%93,%22gcid-33c2a7d3-386f-4e83-90be-52abfa6951d3%22:%91%22border_color_bottom%22%93}&#8221; button_text_size__hover_enabled=&#8221;off&#8221; button_one_text_size__hover_enabled=&#8221;off&#8221; button_two_text_size__hover_enabled=&#8221;off&#8221; button_text_color__hover_enabled=&#8221;off&#8221; button_one_text_color__hover_enabled=&#8221;off&#8221; button_two_text_color__hover_enabled=&#8221;off&#8221; button_border_width__hover_enabled=&#8221;off&#8221; button_one_border_width__hover_enabled=&#8221;off&#8221; button_two_border_width__hover_enabled=&#8221;off&#8221; button_border_color__hover_enabled=&#8221;off&#8221; button_one_border_color__hover_enabled=&#8221;off&#8221; button_two_border_color__hover_enabled=&#8221;off&#8221; button_border_radius__hover_enabled=&#8221;off&#8221; button_one_border_radius__hover_enabled=&#8221;off&#8221; button_two_border_radius__hover_enabled=&#8221;off&#8221; button_letter_spacing__hover_enabled=&#8221;off&#8221; button_one_letter_spacing__hover_enabled=&#8221;off&#8221; button_two_letter_spacing__hover_enabled=&#8221;off&#8221; button_bg_color__hover_enabled=&#8221;off&#8221; button_one_bg_color__hover_enabled=&#8221;off&#8221; button_two_bg_color__hover_enabled=&#8221;off&#8221;][\/et_pb_contact_field][et_pb_contact_field field_id=&#8221;Email&#8221; field_title=&#8221;E-Mail-Addresse&#8221; field_type=&#8221;email&#8221; _builder_version=&#8221;4.9.1&#8243; form_field_background_color=&#8221;RGBA(0,0,0,0)&#8221; form_field_text_color=&#8221;gcid-a7ef2208-d0ee-489d-ab30-23da9b767d83&#8243; form_field_font=&#8221;Poppins||||||||&#8221; form_field_letter_spacing=&#8221;1px&#8221; custom_margin=&#8221;|0px||0px|false|false&#8221; custom_css_main_element=&#8221;max-width: 32%;||&#8221; border_width_bottom=&#8221;1px&#8221; border_color_bottom=&#8221;gcid-33c2a7d3-386f-4e83-90be-52abfa6951d3&#8243; global_colors_info=&#8221;{%22gcid-a7ef2208-d0ee-489d-ab30-23da9b767d83%22:%91%22form_field_text_color%22%93,%22gcid-33c2a7d3-386f-4e83-90be-52abfa6951d3%22:%91%22border_color_bottom%22%93}&#8221; button_text_size__hover_enabled=&#8221;off&#8221; button_one_text_size__hover_enabled=&#8221;off&#8221; button_two_text_size__hover_enabled=&#8221;off&#8221; button_text_color__hover_enabled=&#8221;off&#8221; button_one_text_color__hover_enabled=&#8221;off&#8221; button_two_text_color__hover_enabled=&#8221;off&#8221; button_border_width__hover_enabled=&#8221;off&#8221; button_one_border_width__hover_enabled=&#8221;off&#8221; button_two_border_width__hover_enabled=&#8221;off&#8221; button_border_color__hover_enabled=&#8221;off&#8221; button_one_border_color__hover_enabled=&#8221;off&#8221; button_two_border_color__hover_enabled=&#8221;off&#8221; button_border_radius__hover_enabled=&#8221;off&#8221; button_one_border_radius__hover_enabled=&#8221;off&#8221; button_two_border_radius__hover_enabled=&#8221;off&#8221; button_letter_spacing__hover_enabled=&#8221;off&#8221; button_one_letter_spacing__hover_enabled=&#8221;off&#8221; button_two_letter_spacing__hover_enabled=&#8221;off&#8221; button_bg_color__hover_enabled=&#8221;off&#8221; button_one_bg_color__hover_enabled=&#8221;off&#8221; button_two_bg_color__hover_enabled=&#8221;off&#8221;][\/et_pb_contact_field][et_pb_contact_field field_id=&#8221;Field_3&#8243; field_type=&#8221;checkbox&#8221; checkbox_options=&#8221;%91{%22value%22:%22AKZEPTIEREN %22,%22checked%22:0,%22dragID%22:-1,%22link_url%22:%22http:\/\/localhost\/riopiccolo2021\/informativa-sulla-privacy\/%22,%22link_text%22:%22PRIVACY%22}%93&#8243; _builder_version=&#8221;4.9.1&#8243; _module_preset=&#8221;default&#8221; form_field_text_color=&#8221;gcid-a7ef2208-d0ee-489d-ab30-23da9b767d83&#8243; form_field_focus_background_color=&#8221;gcid-a7ef2208-d0ee-489d-ab30-23da9b767d83&#8243; form_field_focus_text_color=&#8221;gcid-a7ef2208-d0ee-489d-ab30-23da9b767d83&#8243; form_field_font=&#8221;Poppins||||||||&#8221; form_field_text_align=&#8221;left&#8221; form_field_font_size=&#8221;12px&#8221; text_orientation=&#8221;left&#8221; module_alignment=&#8221;left&#8221; custom_margin=&#8221;-25px||||false|false&#8221; global_colors_info=&#8221;{%22gcid-a7ef2208-d0ee-489d-ab30-23da9b767d83%22:%91%22form_field_text_color%22,%22form_field_focus_background_color%22,%22form_field_focus_text_color%22%93}&#8221;][\/et_pb_contact_field][\/et_pb_contact_form][\/et_pb_column][\/et_pb_row][et_pb_row disabled_on=&#8221;off|off|on&#8221; _builder_version=&#8221;4.9.1&#8243; _module_preset=&#8221;default&#8221;][et_pb_column type=&#8221;4_4&#8243; _builder_version=&#8221;4.9.1&#8243; _module_preset=&#8221;default&#8221;][et_pb_contact_form captcha=&#8221;off&#8221; email=&#8221;info@hoteldulac.it&#8221; custom_message=&#8221;Anfrage zum Abonnement des Residenz-Newsletters&#8221; success_message=&#8221;VIELEN DANK F\u00dcR IHR ABONNEMENT&#8221; submit_button_text=&#8221;ABONNIEREN&#8221; _builder_version=&#8221;4.9.1&#8243; _module_preset=&#8221;default&#8221; form_field_text_align=&#8221;left&#8221; form_field_letter_spacing=&#8221;1px&#8221; custom_button=&#8221;on&#8221; button_text_size=&#8221;15px&#8221; button_text_color=&#8221;#FFFFFF&#8221; button_bg_color=&#8221;gcid-a7ef2208-d0ee-489d-ab30-23da9b767d83&#8243; button_border_width=&#8221;0px&#8221; button_border_color=&#8221;gcid-a7ef2208-d0ee-489d-ab30-23da9b767d83&#8243; button_border_radius=&#8221;0px&#8221; button_letter_spacing=&#8221;1px&#8221; button_font=&#8221;Poppins||||||||&#8221; button_use_icon=&#8221;off&#8221; button_custom_margin=&#8221;8px|100px||0px|false|false&#8221; button_custom_margin_tablet=&#8221;12px|0px|||false|false&#8221; button_custom_margin_phone=&#8221;25px|100px||0px|false|false&#8221; button_custom_margin_last_edited=&#8221;on|desktop&#8221; button_custom_padding=&#8221;10px|15px|10px|15px|true|true&#8221; width=&#8221;100%&#8221; module_alignment=&#8221;center&#8221; custom_margin=&#8221;||||false|false&#8221; custom_padding=&#8221;0px||0px||false|false&#8221; global_colors_info=&#8221;{%22gcid-a7ef2208-d0ee-489d-ab30-23da9b767d83%22:%91%22button_bg_color%22,%22button_border_color%22%93}&#8221;][et_pb_contact_field field_id=&#8221;Name&#8221; field_title=&#8221;Vorname&#8221; required_mark=&#8221;off&#8221; _builder_version=&#8221;4.9.1&#8243; form_field_background_color=&#8221;gcid-8c963cd8-a024-4540-9b31-1499baad90bf&#8221; form_field_text_color=&#8221;gcid-a7ef2208-d0ee-489d-ab30-23da9b767d83&#8243; form_field_letter_spacing=&#8221;1px&#8221; text_orientation=&#8221;left&#8221; custom_margin=&#8221;0px||||false|false&#8221; border_width_bottom=&#8221;1px&#8221; border_color_bottom=&#8221;gcid-33c2a7d3-386f-4e83-90be-52abfa6951d3&#8243; global_colors_info=&#8221;{%22gcid-8c963cd8-a024-4540-9b31-1499baad90bf%22:%91%22form_field_background_color%22%93,%22gcid-c2889c22-1496-436a-b1ee-d8ba40fc28b2%22:%91%93,%22gcid-a7ef2208-d0ee-489d-ab30-23da9b767d83%22:%91%22form_field_text_color%22%93,%22gcid-456496e3-ee3d-4ac0-a80c-675dd5a449c2%22:%91%93,%22gcid-2ec92bf7-ea86-43d9-83bf-fef3ede00bcd%22:%91%93,%22gcid-33c2a7d3-386f-4e83-90be-52abfa6951d3%22:%91%22border_color_bottom%22%93}&#8221; button_text_size__hover_enabled=&#8221;off&#8221; button_one_text_size__hover_enabled=&#8221;off&#8221; button_two_text_size__hover_enabled=&#8221;off&#8221; button_text_color__hover_enabled=&#8221;off&#8221; button_one_text_color__hover_enabled=&#8221;off&#8221; button_two_text_color__hover_enabled=&#8221;off&#8221; button_border_width__hover_enabled=&#8221;off&#8221; button_one_border_width__hover_enabled=&#8221;off&#8221; button_two_border_width__hover_enabled=&#8221;off&#8221; button_border_color__hover_enabled=&#8221;off&#8221; button_one_border_color__hover_enabled=&#8221;off&#8221; button_two_border_color__hover_enabled=&#8221;off&#8221; button_border_radius__hover_enabled=&#8221;off&#8221; button_one_border_radius__hover_enabled=&#8221;off&#8221; button_two_border_radius__hover_enabled=&#8221;off&#8221; button_letter_spacing__hover_enabled=&#8221;off&#8221; button_one_letter_spacing__hover_enabled=&#8221;off&#8221; button_two_letter_spacing__hover_enabled=&#8221;off&#8221; button_bg_color__hover_enabled=&#8221;off&#8221; button_one_bg_color__hover_enabled=&#8221;off&#8221; button_two_bg_color__hover_enabled=&#8221;off&#8221;][\/et_pb_contact_field][et_pb_contact_field field_id=&#8221;Email&#8221; field_title=&#8221;E-Mail-Addresse&#8221; field_type=&#8221;email&#8221; _builder_version=&#8221;4.9.1&#8243; form_field_background_color=&#8221;RGBA(0,0,0,0)&#8221; form_field_text_color=&#8221;gcid-a7ef2208-d0ee-489d-ab30-23da9b767d83&#8243; form_field_font=&#8221;Poppins||||||||&#8221; form_field_letter_spacing=&#8221;1px&#8221; custom_margin=&#8221;|0px||0px|false|false&#8221; border_width_bottom=&#8221;1px&#8221; border_color_bottom=&#8221;gcid-33c2a7d3-386f-4e83-90be-52abfa6951d3&#8243; global_colors_info=&#8221;{%22gcid-a7ef2208-d0ee-489d-ab30-23da9b767d83%22:%91%22form_field_text_color%22%93,%22gcid-33c2a7d3-386f-4e83-90be-52abfa6951d3%22:%91%22border_color_bottom%22%93}&#8221; button_text_size__hover_enabled=&#8221;off&#8221; button_one_text_size__hover_enabled=&#8221;off&#8221; button_two_text_size__hover_enabled=&#8221;off&#8221; button_text_color__hover_enabled=&#8221;off&#8221; button_one_text_color__hover_enabled=&#8221;off&#8221; button_two_text_color__hover_enabled=&#8221;off&#8221; button_border_width__hover_enabled=&#8221;off&#8221; button_one_border_width__hover_enabled=&#8221;off&#8221; button_two_border_width__hover_enabled=&#8221;off&#8221; button_border_color__hover_enabled=&#8221;off&#8221; button_one_border_color__hover_enabled=&#8221;off&#8221; button_two_border_color__hover_enabled=&#8221;off&#8221; button_border_radius__hover_enabled=&#8221;off&#8221; button_one_border_radius__hover_enabled=&#8221;off&#8221; button_two_border_radius__hover_enabled=&#8221;off&#8221; button_letter_spacing__hover_enabled=&#8221;off&#8221; button_one_letter_spacing__hover_enabled=&#8221;off&#8221; button_two_letter_spacing__hover_enabled=&#8221;off&#8221; button_bg_color__hover_enabled=&#8221;off&#8221; button_one_bg_color__hover_enabled=&#8221;off&#8221; button_two_bg_color__hover_enabled=&#8221;off&#8221;][\/et_pb_contact_field][et_pb_contact_field field_id=&#8221;Field_6&#8243; field_type=&#8221;checkbox&#8221; checkbox_options=&#8221;%91{%22value%22:%22AKZEPTIEREN %22,%22checked%22:0,%22dragID%22:-1,%22link_url%22:%22http:\/\/localhost\/riopiccolo2021\/informativa-sulla-privacy\/%22,%22link_text%22:%22PRIVACY%22}%93&#8243; fullwidth_field=&#8221;on&#8221; _builder_version=&#8221;4.9.1&#8243; _module_preset=&#8221;default&#8221; form_field_text_color=&#8221;gcid-a7ef2208-d0ee-489d-ab30-23da9b767d83&#8243; form_field_font=&#8221;Poppins||||||||&#8221; form_field_font_size=&#8221;12px&#8221; text_orientation=&#8221;left&#8221; global_colors_info=&#8221;{%22gcid-a7ef2208-d0ee-489d-ab30-23da9b767d83%22:%91%22form_field_text_color%22%93}&#8221;][\/et_pb_contact_field][\/et_pb_contact_form][\/et_pb_column][\/et_pb_row][\/et_pb_section][et_pb_section fb_built=&#8221;1&#8243; admin_label=&#8221;Section&#8221; _builder_version=&#8221;4.9.1&#8243; _module_preset=&#8221;default&#8221; width=&#8221;100%&#8221; max_width=&#8221;100%&#8221; custom_padding=&#8221;1px||0px|||&#8221; animation_style=&#8221;fade&#8221; da_disable_devices=&#8221;off|off|off&#8221; saved_tabs=&#8221;all&#8221; da_is_popup=&#8221;off&#8221; da_exit_intent=&#8221;off&#8221; da_has_close=&#8221;on&#8221; da_alt_close=&#8221;off&#8221; da_dark_close=&#8221;off&#8221; da_not_modal=&#8221;on&#8221; da_is_singular=&#8221;off&#8221; da_with_loader=&#8221;off&#8221; da_has_shadow=&#8221;on&#8221;][et_pb_row _builder_version=&#8221;4.9.1&#8243; _module_preset=&#8221;default&#8221; width_tablet=&#8221;100%&#8221; width_phone=&#8221;100%&#8221; width_last_edited=&#8221;on|desktop&#8221; custom_padding=&#8221;||0px||false|false&#8221;][et_pb_column type=&#8221;4_4&#8243; _builder_version=&#8221;4.8.1&#8243; _module_preset=&#8221;default&#8221;][et_pb_cta title=&#8221;Kontakt&#8221; _builder_version=&#8221;4.9.1&#8243; _module_preset=&#8221;default&#8221; header_level=&#8221;h1&#8243; header_font=&#8221;Poppins|600|||||||&#8221; header_text_color=&#8221;#998d85&#8243; header_font_size=&#8221;40px&#8221; body_font=&#8221;Open Sans||||||||&#8221; body_text_color=&#8221;#979191&#8243; body_letter_spacing=&#8221;1px&#8221; body_line_height=&#8221;1em&#8221; background_color=&#8221;RGBA(0,0,0,0)&#8221; custom_padding=&#8221;||2px|||&#8221;]<\/p>\n<p><span><\/span><\/p>\n<p><span>Residence Rio Piccolo &#8211; via Nazionale 20 &#8211; 38018 <\/span><span>Molveno (TN)<\/span><span> &#8211; Italia<\/span><\/p>\n<p><strong>Tel. 0461586965 Fax. 0461 586247  <a href=\"mailto:info@hoteldulac.it\">info@hoteldulac.it<\/a><\/strong><\/p>\n<p><strong><\/strong><\/p>\n<p><strong><a href=\"https:\/\/residenceriopiccolo.it\/de\/wie-sie-uns-erreichen\/\">ANREISE<\/a> | <a href=\"https:\/\/residenceriopiccolo.it\/informazione\/meteo\/\">WETTER<\/a> | <a href=\"https:\/\/residenceriopiccolo.it\/de\/nuetzliche-informationen\/\">N\u00dcTZLICHE INFORMATIONEN<\/a> | <a href=\"https:\/\/residenceriopiccolo.it\/informazione\/recensioni\/\">REVIEWS<\/a> <\/strong><\/p>\n<div class=\"elements\">\n<div class=\"innerContainer\" data-carousel=\"\" data-carousel-config=\"\" data-boxresizer=\".unitlist.list.layout9.carousel.cssversion1 article.element\" data-lightgallery=\"\" data-lightgallery-config=\"\">\n<article class=\"element bgteaseralternate\" data-unit-detaillink=\"https:\/\/www.hoteldulac.it\/it\/camere\/camere\/32-0.html\" data-unit-detaillink-target=\"\" data-adapt-height=\"false\" data-adapt-height-selector=\"header.pageheader\" data-adapt-height-min-width=\"-1\" data-adapt-height-min-height=\"-1\">\n<div class=\"image\" data-object-fit=\"\">\n<div class=\"picture\"><a title=\"ZIMMER &amp; SUITEN\" href=\"https:\/\/www.hoteldulac.it\/it\/camere\/camere\/32-0.html\"><picture data-imageratio-x=\"1400\" data-imageratio-y=\"787\" class=\"\" data-alt=\"CAMERE &amp; SUITE\" data-lazyload-init=\"true\"><source media=\"(min-width: 1171px)\" srcset=\"\/images\/content\/1304334_81668_2_C_1400_787_0_458326513\/download.jpg\"><\/source><source media=\"(min-width: 801px)\" srcset=\"\/images\/content\/1304334_81668_2_C_1170_658_0_458326513\/download.jpg\"><\/source><source media=\"(min-width: 481px)\" srcset=\"\/images\/content\/1304334_81668_2_C_800_450_0_458326513\/download.jpg\"><\/source><source srcset=\"\/images\/content\/1304334_81668_2_C_480_270_0_458326513\/download.jpg\"><\/source><\/picture><\/a><\/div>\n<\/div>\n<\/article>\n<\/div>\n<\/div>\n<p>[\/et_pb_cta][\/et_pb_column][\/et_pb_row][et_pb_row _builder_version=&#8221;4.9.1&#8243; _module_preset=&#8221;default&#8221; custom_margin=&#8221;0px||||false|false&#8221; custom_padding=&#8221;0px||0px||false|false&#8221;][et_pb_column type=&#8221;4_4&#8243; _builder_version=&#8221;4.8.1&#8243; _module_preset=&#8221;default&#8221;][et_pb_social_media_follow icon_color=&#8221;gcid-c2889c22-1496-436a-b1ee-d8ba40fc28b2&#8243; _builder_version=&#8221;4.9.1&#8243; _module_preset=&#8221;default&#8221; text_orientation=&#8221;center&#8221; custom_margin=&#8221;||17px|||&#8221; custom_padding=&#8221;0px|||||&#8221; animation_style=&#8221;flip&#8221; global_colors_info=&#8221;{%22gcid-456496e3-ee3d-4ac0-a80c-675dd5a449c2%22:%91%93,%22gcid-c2889c22-1496-436a-b1ee-d8ba40fc28b2%22:%91%22icon_color%22%93}&#8221;][et_pb_social_media_follow_network social_network=&#8221;facebook&#8221; icon_color=&#8221;gcid-c2889c22-1496-436a-b1ee-d8ba40fc28b2&#8243; use_icon_font_size=&#8221;on&#8221; icon_font_size=&#8221;25px&#8221; _builder_version=&#8221;4.9.1&#8243; _module_preset=&#8221;default&#8221; background_color=&#8221;RGBA(0,0,0,0)&#8221; background_enable_color=&#8221;on&#8221; global_colors_info=&#8221;{%22gcid-456496e3-ee3d-4ac0-a80c-675dd5a449c2%22:%91%93,%22gcid-c2889c22-1496-436a-b1ee-d8ba40fc28b2%22:%91%22icon_color%22%93,%22gcid-f2119519-f0eb-4507-9c43-da5508c5c21f%22:%91%93}&#8221; follow_button=&#8221;off&#8221; url_new_window=&#8221;on&#8221;]facebook[\/et_pb_social_media_follow_network][et_pb_social_media_follow_network social_network=&#8221;instagram&#8221; icon_color=&#8221;gcid-c2889c22-1496-436a-b1ee-d8ba40fc28b2&#8243; use_icon_font_size=&#8221;on&#8221; icon_font_size=&#8221;25px&#8221; _builder_version=&#8221;4.9.1&#8243; _module_preset=&#8221;default&#8221; global_colors_info=&#8221;{%22gcid-456496e3-ee3d-4ac0-a80c-675dd5a449c2%22:%91%93,%22gcid-c2889c22-1496-436a-b1ee-d8ba40fc28b2%22:%91%22icon_color%22%93}&#8221; follow_button=&#8221;off&#8221; url_new_window=&#8221;on&#8221;]instagram[\/et_pb_social_media_follow_network][\/et_pb_social_media_follow][et_pb_cta _builder_version=&#8221;4.9.1&#8243; _module_preset=&#8221;default&#8221; header_level=&#8221;h1&#8243; header_font=&#8221;Lora||||||||&#8221; header_text_color=&#8221;#58544b&#8221; header_font_size=&#8221;40px&#8221; body_font=&#8221;Open Sans||||||||&#8221; body_text_color=&#8221;#979191&#8243; body_letter_spacing=&#8221;1px&#8221; body_line_height=&#8221;1em&#8221; background_color=&#8221;RGBA(0,0,0,0)&#8221; custom_margin=&#8221;||0px||false|false&#8221; custom_padding=&#8221;14px||0px||false|false&#8221;]<\/p>\n<p>Die Betriebe der Familie Cornella<\/p>\n<div class=\"elements\">\n<div class=\"innerContainer\" data-carousel=\"\" data-carousel-config=\"\" data-boxresizer=\".unitlist.list.layout9.carousel.cssversion1 article.element\" data-lightgallery=\"\" data-lightgallery-config=\"\">\n<article class=\"element bgteaseralternate\" data-unit-detaillink=\"https:\/\/www.hoteldulac.it\/it\/camere\/camere\/32-0.html\" data-unit-detaillink-target=\"\" data-adapt-height=\"false\" data-adapt-height-selector=\"header.pageheader\" data-adapt-height-min-width=\"-1\" data-adapt-height-min-height=\"-1\">\n<div class=\"image\" data-object-fit=\"\">\n<div class=\"picture\"><a title=\"ZIMMER &amp; SUITEN\" href=\"https:\/\/www.hoteldulac.it\/it\/camere\/camere\/32-0.html\"><picture data-imageratio-x=\"1400\" data-imageratio-y=\"787\" class=\"\" data-alt=\"CAMERE &amp; SUITE\" data-lazyload-init=\"true\"><source media=\"(min-width: 1171px)\" srcset=\"\/images\/content\/1304334_81668_2_C_1400_787_0_458326513\/download.jpg\"><\/source><source media=\"(min-width: 801px)\" srcset=\"\/images\/content\/1304334_81668_2_C_1170_658_0_458326513\/download.jpg\"><\/source><source media=\"(min-width: 481px)\" srcset=\"\/images\/content\/1304334_81668_2_C_800_450_0_458326513\/download.jpg\"><\/source><source srcset=\"\/images\/content\/1304334_81668_2_C_480_270_0_458326513\/download.jpg\"><\/source><\/picture><\/a><\/div>\n<\/div>\n<\/article>\n<\/div>\n<\/div>\n<p>[\/et_pb_cta][\/et_pb_column][\/et_pb_row][et_pb_row column_structure=&#8221;1_3,1_3,1_3&#8243; disabled_on=&#8221;on|on|off&#8221; _builder_version=&#8221;4.9.1&#8243; _module_preset=&#8221;default&#8221; width=&#8221;50%&#8221; width_tablet=&#8221;&#8221; width_phone=&#8221;&#8221; width_last_edited=&#8221;on|phone&#8221; module_alignment=&#8221;center&#8221; custom_padding=&#8221;6px||||false|false&#8221;][et_pb_column type=&#8221;1_3&#8243; _builder_version=&#8221;4.9.1&#8243; _module_preset=&#8221;default&#8221; custom_padding=&#8221;8px|0px|0px|0px|false|false&#8221;][et_pb_image src=&#8221;https:\/\/residenceriopiccolo.it\/wp-content\/uploads\/2022\/01\/Logo-Du-LacFOOTER.png&#8221; title_text=&#8221;Logo-Du-Lac(FOOTER)&#8221; align=&#8221;right&#8221; _builder_version=&#8221;4.9.1&#8243; _module_preset=&#8221;default&#8221; width=&#8221;40%&#8221;][\/et_pb_image][\/et_pb_column][et_pb_column type=&#8221;1_3&#8243; _builder_version=&#8221;4.9.1&#8243; _module_preset=&#8221;default&#8221; custom_css_main_element=&#8221;display:inline-block;&#8221;][et_pb_image src=&#8221;https:\/\/residenceriopiccolo.it\/wp-content\/uploads\/2022\/01\/Logo-Du-Laccolori.png&#8221; title_text=&#8221;RESIDENCE STEFENINE&#8221; align=&#8221;center&#8221; _builder_version=&#8221;4.9.1&#8243; _module_preset=&#8221;default&#8221; width=&#8221;40%&#8221; custom_padding=&#8221;13px||||false|false&#8221;][\/et_pb_image][\/et_pb_column][et_pb_column type=&#8221;1_3&#8243; _builder_version=&#8221;4.9.1&#8243; _module_preset=&#8221;default&#8221;][et_pb_image src=&#8221;https:\/\/residenceriopiccolo.it\/wp-content\/uploads\/2022\/01\/la-dispensa-.png&#8221; title_text=&#8221;la-dispensa-&#8221; _builder_version=&#8221;4.9.1&#8243; _module_preset=&#8221;default&#8221; width=&#8221;25%&#8221; custom_padding=&#8221;0px||||false|false&#8221;][\/et_pb_image][\/et_pb_column][\/et_pb_row][et_pb_row disabled_on=&#8221;off|off|on&#8221; _builder_version=&#8221;4.9.1&#8243; _module_preset=&#8221;default&#8221;][et_pb_column type=&#8221;4_4&#8243; _builder_version=&#8221;4.9.1&#8243; _module_preset=&#8221;default&#8221;][et_pb_image src=&#8221;https:\/\/residenceriopiccolo.it\/wp-content\/uploads\/2022\/01\/Logo-Du-LacFOOTER.png&#8221; title_text=&#8221;Logo-Du-Lac(FOOTER)&#8221; align=&#8221;center&#8221; _builder_version=&#8221;4.9.1&#8243; _module_preset=&#8221;default&#8221; width=&#8221;30%&#8221; custom_padding=&#8221;||20px||false|false&#8221;][\/et_pb_image][et_pb_image src=&#8221;https:\/\/residenceriopiccolo.it\/wp-content\/uploads\/2022\/01\/Logo-Du-Laccolori.png&#8221; title_text=&#8221;RESIDENCE STEFENINE&#8221; align=&#8221;center&#8221; _builder_version=&#8221;4.9.1&#8243; _module_preset=&#8221;default&#8221; width=&#8221;30%&#8221; width_tablet=&#8221;25%&#8221; width_phone=&#8221;25%&#8221; width_last_edited=&#8221;on|phone&#8221; custom_padding=&#8221;||20px||false|false&#8221;][\/et_pb_image][et_pb_image src=&#8221;https:\/\/residenceriopiccolo.it\/wp-content\/uploads\/2022\/01\/la-dispensa-.png&#8221; title_text=&#8221;la-dispensa-&#8221; align=&#8221;center&#8221; _builder_version=&#8221;4.9.1&#8243; _module_preset=&#8221;default&#8221; width=&#8221;20%&#8221; width_tablet=&#8221;20%&#8221; width_phone=&#8221;&#8221; width_last_edited=&#8221;on|tablet&#8221;][\/et_pb_image][\/et_pb_column][\/et_pb_row][et_pb_row _builder_version=&#8221;4.9.1&#8243; _module_preset=&#8221;default&#8221; background_color=&#8221;gcid-8c963cd8-a024-4540-9b31-1499baad90bf&#8221; width=&#8221;100%&#8221; max_width=&#8221;2560px&#8221; module_alignment=&#8221;center&#8221; custom_margin=&#8221;0px||||false|false&#8221; custom_padding=&#8221;20px||20px||false|false&#8221; animation_style=&#8221;flip&#8221; sticky_limit_top=&#8221;section&#8221; global_colors_info=&#8221;{%22gcid-a7ef2208-d0ee-489d-ab30-23da9b767d83%22:%91%93,%22gcid-8c963cd8-a024-4540-9b31-1499baad90bf%22:%91%22background_color%22%93,%22gcid-2dc3c369-2605-4e6c-844a-25e5650e1c3d%22:%91%93,%22gcid-33c2a7d3-386f-4e83-90be-52abfa6951d3%22:%91%93,%22gcid-c2889c22-1496-436a-b1ee-d8ba40fc28b2%22:%91%93,%22gcid-456496e3-ee3d-4ac0-a80c-675dd5a449c2%22:%91%93,%22gcid-2ec92bf7-ea86-43d9-83bf-fef3ede00bcd%22:%91%93,%22gcid-16858e3d-47e4-4caf-a25a-5facd8febf05%22:%91%93,%22gcid-a1d6ec2d-87fc-4f51-a7dc-b765ad7994b4%22:%91%93}&#8221;][et_pb_column type=&#8221;4_4&#8243; _builder_version=&#8221;4.9.1&#8243; _module_preset=&#8221;default&#8221;][et_pb_text _builder_version=&#8221;4.9.1&#8243; _module_preset=&#8221;default&#8221; text_text_color=&#8221;gcid-f2119519-f0eb-4507-9c43-da5508c5c21f&#8221; text_font_size=&#8221;12px&#8221; text_letter_spacing=&#8221;1px&#8221; global_colors_info=&#8221;{%22gcid-456496e3-ee3d-4ac0-a80c-675dd5a449c2%22:%91%93,%22gcid-16858e3d-47e4-4caf-a25a-5facd8febf05%22:%91%93,%22gcid-33c2a7d3-386f-4e83-90be-52abfa6951d3%22:%91%93,%22gcid-a1d6ec2d-87fc-4f51-a7dc-b765ad7994b4%22:%91%93,%22gcid-f2119519-f0eb-4507-9c43-da5508c5c21f%22:%91%22text_text_color%22%93}&#8221;]<\/p>\n<p style=\"text-align: center;\">\u00a9 <span itemprop=\"copyrightYear\">2022<\/span> <span itemprop=\"copyrightHolder\">Residence Rio Piccolo &#8211; <a href=\"https:\/\/residenceriopiccolo.it\/de\/datenschutzerklaerung\/\">Informativa privacy<\/a><\/span><a href=\"https:\/\/residenceriopiccolo.it\/de\/cookies\/\"><span itemprop=\"copyrightHolder\"> &#8211; cookies <\/span><\/a><a href=\"https:\/\/residenceriopiccolo.it\/de\/credits\/\"><span itemprop=\"copyrightHolder\">&#8211; credits <\/span><\/a><a href=\"https:\/\/residenceriopiccolo.it\/informazione\/sitemap\/\"><span itemprop=\"copyrightHolder\">&#8211; sitemap<\/span><\/a><\/p>\n<p>[\/et_pb_text][\/et_pb_column][\/et_pb_row][\/et_pb_section]<\/p>\n","protected":false},"excerpt":{"rendered":"<p>Bestehend aus einem Schlafzimmer mit Doppelbett und Einzelbett, Wohnzimmer mit Schlafcouch (Einzelbett), Kochnische und Bad mit Dusche. STORNIERUNGSBEDINGUNGENDienstleistungen Ferienwohnung Dienstleistungen ResidenzDusche | F\u00f6nfreies Netzwerk1 Satelliten-TVSeife &#8211; Duschgel1 Schlafcouch (Einzelbett) | 1 Doppelbett | 1 Einzelbettausgestatteter Kochbereich2 Zimmer | BadSkifahren | Stiefelgro\u00dfer Garten im FreienWaschk\u00fcche mit B\u00fcgeleisen\u00fcberdachte GarageEs sind die kleinen Details, die ein Zimmer zu [&hellip;]<\/p>\n","protected":false},"author":1,"featured_media":0,"parent":238200,"menu_order":3,"comment_status":"closed","ping_status":"closed","template":"","meta":{"nf_dc_page":"","_et_pb_use_builder":"on","_et_pb_old_content":"","_et_gb_content_width":"","om_disable_all_campaigns":false,"_monsterinsights_skip_tracking":false,"_uf_show_specific_survey":0,"_uf_disable_surveys":false,"footnotes":""},"class_list":["post-238308","page","type-page","status-publish","hentry"],"aioseo_notices":[],"aioseo_head":"\n\t\t<!-- All in One SEO 5.0.1.1 - aioseo.com -->\n\t<meta name=\"description\" content=\"Ferienwohnung ZweizimmerBestehend aus einem Schlafzimmer mit Doppelbett und Einzelbett, Wohnzimmer mit Schlafcouch (Einzelbett), Kochnische und Bad mit Dusche. Anfragen Buchen STORNIERUNGSBEDINGUNGEN Abmessungen: 44 m\u00b2 Anzahl der G\u00e4ste: 5 Erwachsene Ansichts Karte Dienstleistungen Ferienwohnung Dienstleistungen Residenz BAD Dusche | F\u00f6n WIFI freies Netzwerk FERNSEHEN 1 Satelliten-TV BADEZIMMERPRODUKTE Seife \u2013 Duschgel BETTEN 1 Schlafcouch (Einzelbett) | 1\" \/>\n\t<meta name=\"robots\" content=\"max-image-preview:large\" \/>\n\t<link rel=\"canonical\" href=\"https:\/\/www.residenceriopiccolo.it\/de\/ferienwohnungen\/ferienwohnung-zweizimmer-3\/\" \/>\n\t<meta name=\"generator\" content=\"All in One SEO (AIOSEO) 5.0.1.1\" \/>\n\t\t<meta property=\"og:locale\" content=\"de_DE\" \/>\n\t\t<meta property=\"og:site_name\" content=\"Residence Rio Piccolo - vacanza in Trentino per tutta la famiglia\" \/>\n\t\t<meta property=\"og:type\" content=\"article\" \/>\n\t\t<meta property=\"og:title\" content=\"Ferienwohnung Zweizimmer - Residence Rio Piccolo\" \/>\n\t\t<meta property=\"og:description\" content=\"Ferienwohnung ZweizimmerBestehend aus einem Schlafzimmer mit Doppelbett und Einzelbett, Wohnzimmer mit Schlafcouch (Einzelbett), Kochnische und Bad mit Dusche. Anfragen Buchen STORNIERUNGSBEDINGUNGEN Abmessungen: 44 m\u00b2 Anzahl der G\u00e4ste: 5 Erwachsene Ansichts Karte Dienstleistungen Ferienwohnung Dienstleistungen Residenz BAD Dusche | F\u00f6n WIFI freies Netzwerk FERNSEHEN 1 Satelliten-TV BADEZIMMERPRODUKTE Seife \u2013 Duschgel BETTEN 1 Schlafcouch (Einzelbett) | 1\" \/>\n\t\t<meta property=\"og:url\" content=\"https:\/\/www.residenceriopiccolo.it\/de\/ferienwohnungen\/ferienwohnung-zweizimmer-3\/\" \/>\n\t\t<meta property=\"article:published_time\" content=\"2021-03-13T14:17:23+00:00\" \/>\n\t\t<meta property=\"article:modified_time\" content=\"2023-02-21T15:10:59+00:00\" \/>\n\t\t<meta name=\"twitter:card\" content=\"summary_large_image\" \/>\n\t\t<meta name=\"twitter:title\" content=\"Ferienwohnung Zweizimmer - Residence Rio Piccolo\" \/>\n\t\t<meta name=\"twitter:description\" content=\"Ferienwohnung ZweizimmerBestehend aus einem Schlafzimmer mit Doppelbett und Einzelbett, Wohnzimmer mit Schlafcouch (Einzelbett), Kochnische und Bad mit Dusche. Anfragen Buchen STORNIERUNGSBEDINGUNGEN Abmessungen: 44 m\u00b2 Anzahl der G\u00e4ste: 5 Erwachsene Ansichts Karte Dienstleistungen Ferienwohnung Dienstleistungen Residenz BAD Dusche | F\u00f6n WIFI freies Netzwerk FERNSEHEN 1 Satelliten-TV BADEZIMMERPRODUKTE Seife \u2013 Duschgel BETTEN 1 Schlafcouch (Einzelbett) | 1\" \/>\n\t\t<script type=\"application\/ld+json\" class=\"aioseo-schema\">\n\t\t\t{\"@context\":\"https:\\\/\\\/schema.org\",\"@graph\":[{\"@type\":\"BreadcrumbList\",\"@id\":\"https:\\\/\\\/www.residenceriopiccolo.it\\\/de\\\/ferienwohnungen\\\/ferienwohnung-zweizimmer-3\\\/#breadcrumblist\",\"itemListElement\":[{\"@type\":\"ListItem\",\"@id\":\"https:\\\/\\\/www.residenceriopiccolo.it\\\/de\\\/#listItem\",\"position\":1,\"name\":\"Home\",\"item\":\"https:\\\/\\\/www.residenceriopiccolo.it\\\/de\\\/\",\"nextItem\":{\"@type\":\"ListItem\",\"@id\":\"https:\\\/\\\/www.residenceriopiccolo.it\\\/de\\\/ferienwohnungen\\\/#listItem\",\"name\":\"FERIENWOHNUNGEN\"}},{\"@type\":\"ListItem\",\"@id\":\"https:\\\/\\\/www.residenceriopiccolo.it\\\/de\\\/ferienwohnungen\\\/#listItem\",\"position\":2,\"name\":\"FERIENWOHNUNGEN\",\"item\":\"https:\\\/\\\/www.residenceriopiccolo.it\\\/de\\\/ferienwohnungen\\\/\",\"nextItem\":{\"@type\":\"ListItem\",\"@id\":\"https:\\\/\\\/www.residenceriopiccolo.it\\\/de\\\/ferienwohnungen\\\/ferienwohnung-zweizimmer-3\\\/#listItem\",\"name\":\"Ferienwohnung Zweizimmer\"},\"previousItem\":{\"@type\":\"ListItem\",\"@id\":\"https:\\\/\\\/www.residenceriopiccolo.it\\\/de\\\/#listItem\",\"name\":\"Home\"}},{\"@type\":\"ListItem\",\"@id\":\"https:\\\/\\\/www.residenceriopiccolo.it\\\/de\\\/ferienwohnungen\\\/ferienwohnung-zweizimmer-3\\\/#listItem\",\"position\":3,\"name\":\"Ferienwohnung Zweizimmer\",\"previousItem\":{\"@type\":\"ListItem\",\"@id\":\"https:\\\/\\\/www.residenceriopiccolo.it\\\/de\\\/ferienwohnungen\\\/#listItem\",\"name\":\"FERIENWOHNUNGEN\"}}]},{\"@type\":\"Organization\",\"@id\":\"https:\\\/\\\/www.residenceriopiccolo.it\\\/de\\\/#organization\",\"name\":\"Residence Rio Piccolo\",\"description\":\"vacanza in Trentino per tutta la famiglia\",\"url\":\"https:\\\/\\\/www.residenceriopiccolo.it\\\/de\\\/\"},{\"@type\":\"WebPage\",\"@id\":\"https:\\\/\\\/www.residenceriopiccolo.it\\\/de\\\/ferienwohnungen\\\/ferienwohnung-zweizimmer-3\\\/#webpage\",\"url\":\"https:\\\/\\\/www.residenceriopiccolo.it\\\/de\\\/ferienwohnungen\\\/ferienwohnung-zweizimmer-3\\\/\",\"name\":\"Ferienwohnung Zweizimmer - Residence Rio Piccolo\",\"description\":\"Ferienwohnung ZweizimmerBestehend aus einem Schlafzimmer mit Doppelbett und Einzelbett, Wohnzimmer mit Schlafcouch (Einzelbett), Kochnische und Bad mit Dusche. Anfragen Buchen STORNIERUNGSBEDINGUNGEN Abmessungen: 44 m\\u00b2 Anzahl der G\\u00e4ste: 5 Erwachsene Ansichts Karte Dienstleistungen Ferienwohnung Dienstleistungen Residenz BAD Dusche | F\\u00f6n WIFI freies Netzwerk FERNSEHEN 1 Satelliten-TV BADEZIMMERPRODUKTE Seife \\u2013 Duschgel BETTEN 1 Schlafcouch (Einzelbett) | 1\",\"inLanguage\":\"de-DE\",\"isPartOf\":{\"@id\":\"https:\\\/\\\/www.residenceriopiccolo.it\\\/de\\\/#website\"},\"breadcrumb\":{\"@id\":\"https:\\\/\\\/www.residenceriopiccolo.it\\\/de\\\/ferienwohnungen\\\/ferienwohnung-zweizimmer-3\\\/#breadcrumblist\"},\"datePublished\":\"2021-03-13T15:17:23+01:00\",\"dateModified\":\"2023-02-21T16:10:59+01:00\"},{\"@type\":\"WebSite\",\"@id\":\"https:\\\/\\\/www.residenceriopiccolo.it\\\/de\\\/#website\",\"url\":\"https:\\\/\\\/www.residenceriopiccolo.it\\\/de\\\/\",\"name\":\"Residence Rio Piccolo\",\"description\":\"vacanza in Trentino per tutta la famiglia\",\"inLanguage\":\"de-DE\",\"publisher\":{\"@id\":\"https:\\\/\\\/www.residenceriopiccolo.it\\\/de\\\/#organization\"}}]}\n\t\t<\/script>\n\t\t<!-- All in One SEO -->\n\n","aioseo_head_json":{"title":"Ferienwohnung Zweizimmer - Residence Rio Piccolo","description":"Ferienwohnung ZweizimmerBestehend aus einem Schlafzimmer mit Doppelbett und Einzelbett, Wohnzimmer mit Schlafcouch (Einzelbett), Kochnische und Bad mit Dusche. Anfragen Buchen STORNIERUNGSBEDINGUNGEN Abmessungen: 44 m\u00b2 Anzahl der G\u00e4ste: 5 Erwachsene Ansichts Karte Dienstleistungen Ferienwohnung Dienstleistungen Residenz BAD Dusche | F\u00f6n WIFI freies Netzwerk FERNSEHEN 1 Satelliten-TV BADEZIMMERPRODUKTE Seife \u2013 Duschgel BETTEN 1 Schlafcouch (Einzelbett) | 1","canonical_url":"https:\/\/www.residenceriopiccolo.it\/de\/ferienwohnungen\/ferienwohnung-zweizimmer-3\/","robots":"max-image-preview:large","keywords":"","webmasterTools":{"miscellaneous":""},"schema":{"@context":"https:\/\/schema.org","@graph":[{"@type":"BreadcrumbList","@id":"https:\/\/www.residenceriopiccolo.it\/de\/ferienwohnungen\/ferienwohnung-zweizimmer-3\/#breadcrumblist","itemListElement":[{"@type":"ListItem","@id":"https:\/\/www.residenceriopiccolo.it\/de\/#listItem","position":1,"name":"Home","item":"https:\/\/www.residenceriopiccolo.it\/de\/","nextItem":{"@type":"ListItem","@id":"https:\/\/www.residenceriopiccolo.it\/de\/ferienwohnungen\/#listItem","name":"FERIENWOHNUNGEN"}},{"@type":"ListItem","@id":"https:\/\/www.residenceriopiccolo.it\/de\/ferienwohnungen\/#listItem","position":2,"name":"FERIENWOHNUNGEN","item":"https:\/\/www.residenceriopiccolo.it\/de\/ferienwohnungen\/","nextItem":{"@type":"ListItem","@id":"https:\/\/www.residenceriopiccolo.it\/de\/ferienwohnungen\/ferienwohnung-zweizimmer-3\/#listItem","name":"Ferienwohnung Zweizimmer"},"previousItem":{"@type":"ListItem","@id":"https:\/\/www.residenceriopiccolo.it\/de\/#listItem","name":"Home"}},{"@type":"ListItem","@id":"https:\/\/www.residenceriopiccolo.it\/de\/ferienwohnungen\/ferienwohnung-zweizimmer-3\/#listItem","position":3,"name":"Ferienwohnung Zweizimmer","previousItem":{"@type":"ListItem","@id":"https:\/\/www.residenceriopiccolo.it\/de\/ferienwohnungen\/#listItem","name":"FERIENWOHNUNGEN"}}]},{"@type":"Organization","@id":"https:\/\/www.residenceriopiccolo.it\/de\/#organization","name":"Residence Rio Piccolo","description":"vacanza in Trentino per tutta la famiglia","url":"https:\/\/www.residenceriopiccolo.it\/de\/"},{"@type":"WebPage","@id":"https:\/\/www.residenceriopiccolo.it\/de\/ferienwohnungen\/ferienwohnung-zweizimmer-3\/#webpage","url":"https:\/\/www.residenceriopiccolo.it\/de\/ferienwohnungen\/ferienwohnung-zweizimmer-3\/","name":"Ferienwohnung Zweizimmer - Residence Rio Piccolo","description":"Ferienwohnung ZweizimmerBestehend aus einem Schlafzimmer mit Doppelbett und Einzelbett, Wohnzimmer mit Schlafcouch (Einzelbett), Kochnische und Bad mit Dusche. Anfragen Buchen STORNIERUNGSBEDINGUNGEN Abmessungen: 44 m\u00b2 Anzahl der G\u00e4ste: 5 Erwachsene Ansichts Karte Dienstleistungen Ferienwohnung Dienstleistungen Residenz BAD Dusche | F\u00f6n WIFI freies Netzwerk FERNSEHEN 1 Satelliten-TV BADEZIMMERPRODUKTE Seife \u2013 Duschgel BETTEN 1 Schlafcouch (Einzelbett) | 1","inLanguage":"de-DE","isPartOf":{"@id":"https:\/\/www.residenceriopiccolo.it\/de\/#website"},"breadcrumb":{"@id":"https:\/\/www.residenceriopiccolo.it\/de\/ferienwohnungen\/ferienwohnung-zweizimmer-3\/#breadcrumblist"},"datePublished":"2021-03-13T15:17:23+01:00","dateModified":"2023-02-21T16:10:59+01:00"},{"@type":"WebSite","@id":"https:\/\/www.residenceriopiccolo.it\/de\/#website","url":"https:\/\/www.residenceriopiccolo.it\/de\/","name":"Residence Rio Piccolo","description":"vacanza in Trentino per tutta la famiglia","inLanguage":"de-DE","publisher":{"@id":"https:\/\/www.residenceriopiccolo.it\/de\/#organization"}}]},"og:locale":"de_DE","og:site_name":"Residence Rio Piccolo - vacanza in Trentino per tutta la famiglia","og:type":"article","og:title":"Ferienwohnung Zweizimmer - Residence Rio Piccolo","og:description":"Ferienwohnung ZweizimmerBestehend aus einem Schlafzimmer mit Doppelbett und Einzelbett, Wohnzimmer mit Schlafcouch (Einzelbett), Kochnische und Bad mit Dusche. Anfragen Buchen STORNIERUNGSBEDINGUNGEN Abmessungen: 44 m\u00b2 Anzahl der G\u00e4ste: 5 Erwachsene Ansichts Karte Dienstleistungen Ferienwohnung Dienstleistungen Residenz BAD Dusche | F\u00f6n WIFI freies Netzwerk FERNSEHEN 1 Satelliten-TV BADEZIMMERPRODUKTE Seife \u2013 Duschgel BETTEN 1 Schlafcouch (Einzelbett) | 1","og:url":"https:\/\/www.residenceriopiccolo.it\/de\/ferienwohnungen\/ferienwohnung-zweizimmer-3\/","article:published_time":"2021-03-13T14:17:23+00:00","article:modified_time":"2023-02-21T15:10:59+00:00","twitter:card":"summary_large_image","twitter:title":"Ferienwohnung Zweizimmer - Residence Rio Piccolo","twitter:description":"Ferienwohnung ZweizimmerBestehend aus einem Schlafzimmer mit Doppelbett und Einzelbett, Wohnzimmer mit Schlafcouch (Einzelbett), Kochnische und Bad mit Dusche. Anfragen Buchen STORNIERUNGSBEDINGUNGEN Abmessungen: 44 m\u00b2 Anzahl der G\u00e4ste: 5 Erwachsene Ansichts Karte Dienstleistungen Ferienwohnung Dienstleistungen Residenz BAD Dusche | F\u00f6n WIFI freies Netzwerk FERNSEHEN 1 Satelliten-TV BADEZIMMERPRODUKTE Seife \u2013 Duschgel BETTEN 1 Schlafcouch (Einzelbett) | 1"},"aioseo_meta_data":{"post_id":"238308","title":null,"description":null,"keywords":null,"keyphrases":null,"primary_term":null,"canonical_url":null,"og_title":null,"og_description":null,"og_object_type":"default","og_image_type":"default","og_image_url":null,"og_image_width":null,"og_image_height":null,"og_image_custom_url":null,"og_image_custom_fields":null,"og_video":null,"og_custom_url":null,"og_article_section":null,"og_article_tags":null,"twitter_use_og":false,"twitter_card":"default","twitter_image_type":"default","twitter_image_url":null,"twitter_image_custom_url":null,"twitter_image_custom_fields":null,"twitter_title":null,"twitter_description":null,"schema":{"blockGraphs":[],"customGraphs":[],"default":{"data":{"Article":[],"Course":[],"Dataset":[],"FAQPage":[],"Movie":[],"Person":[],"Product":[],"ProductReview":[],"Car":[],"Recipe":[],"Service":[],"SoftwareApplication":[],"WebPage":[]},"graphName":"","isEnabled":true},"graphs":[]},"schema_type":"default","schema_type_options":null,"pillar_content":false,"robots_default":true,"robots_noindex":false,"robots_noarchive":false,"robots_nosnippet":false,"robots_nofollow":false,"robots_noimageindex":false,"robots_noodp":false,"robots_notranslate":false,"robots_max_snippet":null,"robots_max_videopreview":null,"robots_max_imagepreview":"large","priority":null,"frequency":null,"local_seo":null,"breadcrumb_settings":null,"limit_modified_date":false,"ai":null,"created":"2023-11-02 21:55:43","updated":"2025-10-07 23:48:28","seo_analyzer_scan_date":null,"focus_keyword":null,"additional_keywords":null,"truseo_locale":null},"aioseo_breadcrumb":"<div class=\"aioseo-breadcrumbs\"><span class=\"aioseo-breadcrumb\">\n\t\t\t<a href=\"https:\/\/www.residenceriopiccolo.it\/de\/\" title=\"Home\">Home<\/a>\n\t\t<\/span><span class=\"aioseo-breadcrumb-separator\">&raquo;<\/span><span class=\"aioseo-breadcrumb\">\n\t\t\t<a href=\"https:\/\/www.residenceriopiccolo.it\/de\/ferienwohnungen\/\" title=\"FERIENWOHNUNGEN\">FERIENWOHNUNGEN<\/a>\n\t\t<\/span><span class=\"aioseo-breadcrumb-separator\">&raquo;<\/span><span class=\"aioseo-breadcrumb\">\n\t\t\tFerienwohnung Zweizimmer\n\t\t<\/span><\/div>","aioseo_breadcrumb_json":[{"label":"Home","link":"https:\/\/www.residenceriopiccolo.it\/de\/"},{"label":"FERIENWOHNUNGEN","link":"https:\/\/www.residenceriopiccolo.it\/de\/ferienwohnungen\/"},{"label":"Ferienwohnung Zweizimmer","link":"https:\/\/www.residenceriopiccolo.it\/de\/ferienwohnungen\/ferienwohnung-zweizimmer-3\/"}],"_links":{"self":[{"href":"https:\/\/www.residenceriopiccolo.it\/de\/wp-json\/wp\/v2\/pages\/238308","targetHints":{"allow":["GET"]}}],"collection":[{"href":"https:\/\/www.residenceriopiccolo.it\/de\/wp-json\/wp\/v2\/pages"}],"about":[{"href":"https:\/\/www.residenceriopiccolo.it\/de\/wp-json\/wp\/v2\/types\/page"}],"author":[{"embeddable":true,"href":"https:\/\/www.residenceriopiccolo.it\/de\/wp-json\/wp\/v2\/users\/1"}],"replies":[{"embeddable":true,"href":"https:\/\/www.residenceriopiccolo.it\/de\/wp-json\/wp\/v2\/comments?post=238308"}],"version-history":[{"count":4,"href":"https:\/\/www.residenceriopiccolo.it\/de\/wp-json\/wp\/v2\/pages\/238308\/revisions"}],"predecessor-version":[{"id":238889,"href":"https:\/\/www.residenceriopiccolo.it\/de\/wp-json\/wp\/v2\/pages\/238308\/revisions\/238889"}],"up":[{"embeddable":true,"href":"https:\/\/www.residenceriopiccolo.it\/de\/wp-json\/wp\/v2\/pages\/238200"}],"wp:attachment":[{"href":"https:\/\/www.residenceriopiccolo.it\/de\/wp-json\/wp\/v2\/media?parent=238308"}],"curies":[{"name":"wp","href":"https:\/\/api.w.org\/{rel}","templated":true}]}}